{"id":4306,"date":"2015-01-03T18:25:53","date_gmt":"2015-01-03T17:25:53","guid":{"rendered":"https:\/\/apreis.eu\/newapreis\/?page_id=1040"},"modified":"2019-03-03T19:35:59","modified_gmt":"2019-03-03T18:35:59","slug":"presentacion","status":"publish","type":"page","link":"https:\/\/apreis.eu\/apreisesp\/presentacion\/","title":{"rendered":"PRESENTACION"},"content":{"rendered":"<p>&nbsp;<\/p>\n<p style=\"text-align: center;\"><span style=\"font-size: 20px; font-family: tahoma, arial, helvetica, sans-serif;\"><strong>Actores \u00a0Pr\u00e1cticas e Investigaciones Europeos e Internacionales<\/strong><\/span><\/p>\n<p style=\"text-align: center;\"><span style=\"font-size: 20px; font-family: tahoma, arial, helvetica, sans-serif;\"><strong>Para Sustentabilidad<\/strong><\/span><\/p>\n<p>&nbsp;<\/p>\n<p><img loading=\"lazy\" class=\"aligncenter size-full wp-image-211\" src=\"https:\/\/apreis.eu\/apreis\/wp-content\/uploads\/2014\/12\/soucoupeb.jpg\" alt=\"soucoupeb\" width=\"694\" height=\"560\" \/><\/p>\n<p>&nbsp;<\/p>\n<p>&nbsp;<\/p>\n<blockquote>\n<p style=\"text-align: justify;\"><strong><span class=\"titrs\"><strong>\u00a0 \u00a0 \u00a0Identitad &#8211; G\u00e9nesis<\/strong><br \/>\n<\/span><\/strong><span style=\"font-size: 10pt; font-family: tahoma, arial, helvetica, sans-serif;\"><span class=\"titrs\">Laboratorio mundial en red cooperativa, m\u00f3vil, n\u00f3mada y flexible, basada en\u00a0<\/span><span class=\"titrs\">una plataforma num\u00e9rica, creada en Septiembre del 2003 por el laboratorio de investigaci\u00f3n y acci\u00f3n locales sobre el desarrollo sustentable, <img loading=\"lazy\" src=\"https:\/\/apreis.eu\/apreisbr\/wp-content\/uploads\/2015\/01\/logo-EPICpti-e1457570778464.gif\" alt=\"logo-EPICpti\" width=\"45\" height=\"36\" \/>\u00a0, una asociaci\u00f3n de ley francesa 1901\u00a0fundada en 1989<\/span><\/span><\/p>\n<p>&nbsp;<\/p>\n<blockquote><p><strong><span class=\"titrs\"><strong>\u00a0 \u00a0 \u00a0Naturaleza &#8211; Objeto<\/strong><br \/>\n<\/span><\/strong><span style=\"font-size: 10pt; font-family: tahoma, arial, helvetica, sans-serif;\"><span class=\"titrs\">Laboratorio cient\u00edfico de investigaci\u00f3n &#8211; formaciones &#8211; acciones &#8211; realizaciones\u00a0<\/span><span class=\"titrs\"><em>intergeneracional, interdisciplinaria, interprofesional , intercultural\u00a0<\/em> para la implementaci\u00f3n partenariale e interactiva del desarrollo sustentable<br \/>\nFuente civil de informaci\u00f3n, propuestas, iniciativas, estudios, proyectos y realizaciones para el desarrollo local sustentable<\/span><\/span><\/p>\n<p>&nbsp;<\/p>\n<blockquote><p><strong><span class=\"titrs\"><strong>\u00a0 \u00a0 \u00a0Temas<\/strong><br \/>\n<\/span><\/strong><span style=\"font-family: tahoma, arial, helvetica, sans-serif; font-size: 10pt;\"><span class=\"titrs\">Imaginarios, estrategias, modos de organizaci\u00f3n, \u00a0formas de gobernanza,<\/span><span class=\"titrs\"><br \/>\nEcolog\u00eda industrial, econom\u00eda circular,\u00a0eco enlaces<br \/>\nEmpresa sustentable, econom\u00eda solidaria, inversi\u00f3n \u00e9tica<br \/>\nComercio justo, turismo sustentable<br \/>\nPrevenci\u00f3n global de riesgos clim\u00e1ticos y<b class=\"b5\">\u00a0<\/b>ambientales<br \/>\nDin\u00e1micas interculturales, solidaridades regionales, cooperaciones descentralizadas<br \/>\nDesarrollo local, democracia local de responsabilidad,\u00a0 moneda complementaria y local <\/span><\/span><\/p>\n<p>&nbsp;<\/p>\n<blockquote><p><strong><span class=\"titrs\"><strong>\u00a0 \u00a0 \u00a0Acciones<\/strong><br \/>\n<\/span><\/strong><span style=\"font-family: tahoma, arial, helvetica, sans-serif; font-size: 10pt;\"><span class=\"titrs\">Investigaciones conceptuales, pr\u00e1cticas y t\u00e9cnicas<\/span><span class=\"titrs\"><br \/>\nCirculaci\u00f3n y transferencia multiling\u00fce de los conocimientos y competencias<br \/>\nConcepci\u00f3n y aplicaci\u00f3n partenariales e interactiva de proyectos de desarrollo local sustentable<br \/>\nPromoci\u00f3n de la expresi\u00f3ne de j\u00f3venes y mujeres<br \/>\nValorizaci\u00f3n de propuestas de la sociedad civil<br \/>\nAyuda a la toma de decisi\u00f3n p\u00fablica y privada<\/span><\/span><\/p>\n<p>&nbsp;<\/p>\n<blockquote><p><strong><span class=\"titrs\"><strong>\u00a0 \u00a0 \u00a0Principios<\/strong><br \/>\n<\/span><\/strong><span style=\"font-family: tahoma, arial, helvetica, sans-serif; font-size: 10pt;\"><span class=\"titrs\">Apertura espacial, generacional, social, cultural,\u00a0<\/span><span class=\"titrs\">disciplinaria y profesional<br \/>\nCreatividades interactivas<br \/>\nEnfoque global y declinaci\u00f3n sectorial y local<br \/>\n\u00c9tica del bien com\u00fan,\u00a0de la ciudadan\u00eda, igualdad social, responsabilizad personal<br \/>\nIngenier\u00eda humana, genio popular popular e innovaci\u00f3n social local<\/span><\/span><\/p><\/blockquote>\n<\/blockquote>\n<\/blockquote>\n<\/blockquote>\n<\/blockquote>\n","protected":false},"excerpt":{"rendered":"<p>&nbsp; Actores \u00a0Pr\u00e1cticas e Investigaciones Europeos e Internacionales Para Sustentabilidad &nbsp; &nbsp; &nbsp; \u00a0 \u00a0 \u00a0Identitad &#8211; G\u00e9nesis Laboratorio mundial en red cooperativa, m\u00f3vil, n\u00f3mada y flexible, basada en\u00a0una plataforma num\u00e9rica, creada en Septiembre del 2003 por el laboratorio de [&hellip;]<\/p>\n","protected":false},"author":1,"featured_media":0,"parent":0,"menu_order":0,"comment_status":"closed","ping_status":"closed","template":"tpl_full_page.php","meta":[],"_links":{"self":[{"href":"https:\/\/apreis.eu\/apreisesp\/wp-json\/wp\/v2\/pages\/4306"}],"collection":[{"href":"https:\/\/apreis.eu\/apreisesp\/wp-json\/wp\/v2\/pages"}],"about":[{"href":"https:\/\/apreis.eu\/apreisesp\/wp-json\/wp\/v2\/types\/page"}],"author":[{"embeddable":true,"href":"https:\/\/apreis.eu\/apreisesp\/wp-json\/wp\/v2\/users\/1"}],"replies":[{"embeddable":true,"href":"https:\/\/apreis.eu\/apreisesp\/wp-json\/wp\/v2\/comments?post=4306"}],"version-history":[{"count":3,"href":"https:\/\/apreis.eu\/apreisesp\/wp-json\/wp\/v2\/pages\/4306\/revisions"}],"predecessor-version":[{"id":4551,"href":"https:\/\/apreis.eu\/apreisesp\/wp-json\/wp\/v2\/pages\/4306\/revisions\/4551"}],"wp:attachment":[{"href":"https:\/\/apreis.eu\/apreisesp\/wp-json\/wp\/v2\/media?parent=4306"}],"curies":[{"name":"wp","href":"https:\/\/api.w.org\/{rel}","templated":true}]}}