{"id":1214,"date":"2015-02-10T13:57:10","date_gmt":"2015-02-10T13:57:10","guid":{"rendered":"https:\/\/apreis.eu\/enapreis\/?page_id=1214"},"modified":"2019-03-03T18:14:49","modified_gmt":"2019-03-03T18:14:49","slug":"books","status":"publish","type":"page","link":"https:\/\/apreis.eu\/enapreis\/library\/books\/","title":{"rendered":"Books"},"content":{"rendered":"<p>&nbsp;<\/p>\n<div class=\"apreis-postheadericons apreis-metadata-icons\">\n<p style=\"text-align: center;\"><span style=\"color: #000000;\"><strong><span style=\"font-size: 24px; font-family: tahoma, arial, helvetica, sans-serif;\"><a style=\"color: #000000;\" href=\"https:\/\/ekonomiczna24.osdw.pl\/ksiazka\/materialy-z-konferencji\/AKTUALNE-ZAGROZENIA-DLA-WARTOSCI-ZWIAZANYCH-Z-WIELOKULTUROWOSCIA-materialy-miedzynarodowej-konferencji-naukowej,ekonoIIA54HBP\" target=\"_blank\" rel=\"noopener noreferrer\">Threats to Multiculturalism<\/a><\/span><\/strong><\/span><\/p>\n<p>&nbsp;<\/p>\n<\/div>\n<h1 style=\"text-align: center;\"><a href=\"https:\/\/ekonomiczna24.osdw.pl\/ksiazka\/materialy-z-konferencji\/AKTUALNE-ZAGROZENIA-DLA-WARTOSCI-ZWIAZANYCH-Z-WIELOKULTUROWOSCIA-materialy-miedzynarodowej-konferencji-naukowej,ekonoIIA54HBP\" target=\"_blank\" rel=\"noopener noreferrer\"><img loading=\"lazy\" class=\"alignnone wp-image-4108 size-full\" src=\"https:\/\/apreis.eu\/apreis\/wp-content\/uploads\/2016\/04\/Threats-to-multiculturalism-e1459780838543.jpg\" alt=\"\" width=\"246\" height=\"340\" \/><\/a><a href=\"https:\/\/ekonomiczna24.osdw.pl\/ksiazka\/materialy-z-konferencji\/AKTUALNE-ZAGROZENIA-DLA-WARTOSCI-ZWIAZANYCH-Z-WIELOKULTUROWOSCIA-materialy-miedzynarodowej-konferencji-naukowej,ekonoIIA54HBP\" target=\"_blank\" rel=\"noopener noreferrer\"><img loading=\"lazy\" class=\"alignnone wp-image-4109 size-full\" src=\"https:\/\/apreis.eu\/apreis\/wp-content\/uploads\/2016\/04\/aktualne-e1459776369344.jpg\" alt=\"aktualne\" width=\"250\" height=\"340\" \/><\/a><\/h1>\n<p style=\"text-align: justify;\"><span style=\"color: #000000; font-family: tahoma,arial,helvetica,sans-serif; font-size: 12px;\">\u00a0 \u00a0 \u00a0 \u00a0 \u00a0 \u00a0 \u00a0 \u00a0 \u00a0 \u00a0 \u00a0 \u00a0 \u00a0 \u00a0 \u00a0 \u00a0 \u00a0 \u00a0 \u00a0 \u00a0 \u00a0 \u00a0 \u00a0 \u00a0 \u00a0 \u00a0 \u00a0 \u00a0 \u00a0 \u00a0 \u00a0 \u00a0 \u00a0 \u00a0 \u00a0 \u00a0 \u00a0 \u00a0 \u00a0 \u00a0 \u00a0 \u00a0 \u00a0 \u00a0 \u00a0 \u00a0\u00a0 \u00a0 Education in the world of Diaspora (Zygmunt Bauman)\u00a0<\/span><\/p>\n<p style=\"text-align: justify;\"><span style=\"color: #000000; font-family: tahoma,arial,helvetica,sans-serif; font-size: 12px;\">\u00a0 \u00a0 \u00a0 \u00a0 \u00a0 \u00a0 \u00a0 \u00a0 \u00a0 \u00a0 \u00a0 \u00a0 \u00a0 \u00a0 \u00a0 \u00a0 \u00a0 \u00a0 \u00a0 \u00a0 \u00a0 \u00a0 \u00a0 \u00a0 \u00a0 \u00a0 \u00a0 \u00a0 \u00a0 \u00a0 \u00a0 \u00a0 \u00a0 \u00a0 \u00a0 \u00a0 \u00a0 \u00a0 \u00a0 \u00a0 \u00a0 \u00a0 \u00a0 \u00a0 \u00a0 \u00a0 \u00a0\u00a0 Liberal project of Multiculturalism (Bodgan Szarek)<\/span><\/p>\n<p style=\"text-align: justify;\"><span style=\"color: #000000; font-family: tahoma,arial,helvetica,sans-serif; font-size: 12px;\">\u00a0<\/span><span style=\"font-family: tahoma, arial, helvetica, sans-serif; font-size: 12px;\"> \u00a0 \u00a0 \u00a0 \u00a0 \u00a0 \u00a0 \u00a0 \u00a0 \u00a0 \u00a0 \u00a0 \u00a0 \u00a0 \u00a0 \u00a0 \u00a0 \u00a0 \u00a0 \u00a0 \u00a0 \u00a0 \u00a0 \u00a0 \u00a0 \u00a0 \u00a0 \u00a0 \u00a0 \u00a0 \u00a0 \u00a0 <span style=\"color: #000000;\"><strong>\u00a0\u00a0Full text in English<\/strong> :\u00a0\u00a0<\/span><\/span><span style=\"font-family: tahoma, arial, helvetica, sans-serif; font-size: 12px; color: #000000;\"><a style=\"color: #000000;\" href=\"https:\/\/apreis.eu\/apreis\/wp-content\/uploads\/2016\/04\/Threats-to-Multiculturalism_eng-2011-Dayan-_1_.pdf\" target=\"_blank\" rel=\"noopener noreferrer\">Globalization and Multiculturalism &amp; Sustaintability and Interculturality\u00a0\u00a0(L\u00e9o Dayan)<\/a><\/span><span style=\"color: #000000; font-family: tahoma,arial,helvetica,sans-serif; font-size: 12px;\"><br \/>\n<\/span><span style=\"color: #000000; font-family: tahoma,arial,helvetica,sans-serif; font-size: 12px;\">\u00a0 \u00a0 \u00a0 \u00a0 \u00a0 \u00a0 \u00a0 \u00a0 \u00a0 \u00a0 \u00a0 \u00a0 \u00a0 \u00a0 \u00a0 \u00a0 \u00a0 \u00a0 \u00a0 \u00a0 \u00a0 \u00a0 \u00a0 \u00a0 \u00a0 \u00a0 \u00a0 \u00a0 \u00a0 \u00a0 \u00a0 \u00a0 \u00a0 \u00a0 \u00a0 \u00a0 \u00a0 \u00a0 \u00a0 \u00a0\u00a0<\/span><\/p>\n<p style=\"text-align: justify;\"><span style=\"font-family: tahoma,arial,helvetica,sans-serif; font-size: 12px;\"><span style=\"color: #000000;\">\u00a0 \u00a0 \u00a0 \u00a0 \u00a0 \u00a0 \u00a0 \u00a0 \u00a0 \u00a0 \u00a0 \u00a0 \u00a0 \u00a0 \u00a0 \u00a0 \u00a0 \u00a0 \u00a0 \u00a0 \u00a0 \u00a0 \u00a0 \u00a0\u00a0<\/span><\/span><\/p>\n<p style=\"text-align: justify;\"><span style=\"font-family: tahoma,arial,helvetica,sans-serif; font-size: 12px;\"><span style=\"color: #000000;\">\u00a0 \u00a0 \u00a0 \u00a0 \u00a0 \u00a0 \u00a0 \u00a0 \u00a0 \u00a0 \u00a0 \u00a0 \u00a0 \u00a0 \u00a0 \u00a0 \u00a0 \u00a0 \u00a0 \u00a0 \u00a0 \u00a0 \u00a0 \u00a0 \u00a0 \u00a0 \u00a0 \u00a0 \u00a0 \u00a0 \u00a0 \u00a0 \u00a0 \u00a0 \u00a0 \u00a0 \u00a0 \u00a0 \u00a0\u00a0<strong>\u00a0<\/strong><\/span><\/span><\/p>\n<p style=\"text-align: center;\"><span style=\"font-size: 24px; font-family: tahoma,arial,helvetica,sans-serif; color: #000000;\"><strong><a style=\"color: #000000;\" href=\"https:\/\/www.editions-harmattan.fr\/index.asp?navig=catalogue&amp;obj=livre&amp;no=33265\" target=\"_blank\" rel=\"noopener noreferrer\">Territory Engineering in the test of Sustainable Development<\/a><\/strong><\/span><\/p>\n<p>&nbsp;<\/p>\n<p style=\"text-align: center;\"><strong><a href=\"https:\/\/www.editions-harmattan.fr\/index.asp?navig=catalogue&amp;obj=livre&amp;no=33265\" target=\"_blank\" rel=\"noopener noreferrer\"><img loading=\"lazy\" class=\"alignnone wp-image-1289\" src=\"https:\/\/apreis.eu\/apreis\/wp-content\/uploads\/2015\/01\/ingenierie.recto_1.jpg\" sizes=\"(max-width: 225px) 100vw, 225px\" srcset=\"https:\/\/apreis.eu\/apreis\/wp-content\/uploads\/2015\/01\/ingenierie.recto_1-194x300.jpg 194w, https:\/\/apreis.eu\/apreis\/wp-content\/uploads\/2015\/01\/ingenierie.recto_1.jpg 427w\" alt=\"ingenierie.recto_\" width=\"225\" height=\"348\" \/><\/a><a href=\"https:\/\/www.editions-harmattan.fr\/index.asp?navig=catalogue&amp;obj=livre&amp;no=33265\" target=\"_blank\" rel=\"noopener noreferrer\"><img loading=\"lazy\" class=\"alignnone wp-image-1286\" src=\"https:\/\/apreis.eu\/apreis\/wp-content\/uploads\/2015\/02\/ingenierie.verso_.jpg\" sizes=\"(max-width: 224px) 100vw, 224px\" srcset=\"https:\/\/apreis.eu\/apreis\/wp-content\/uploads\/2015\/02\/ingenierie.verso_-193x300.jpg 193w, https:\/\/apreis.eu\/apreis\/wp-content\/uploads\/2015\/02\/ingenierie.verso_.jpg 422w\" alt=\"ingenierie.verso_\" width=\"224\" height=\"348\" \/><\/a><\/strong><\/p>\n<p style=\"text-align: justify;\"><span style=\"font-size: 10px; font-family: tahoma, arial, helvetica, sans-serif;\">The territorialization of public policies invites civil actors to participate in local development. The imperative of sustainability is displayed in the main directions of local authorities. The obligation to encourage competitiveness incites the territory to become the conductor of its own development. Economic globalization makes, in multiple forms and to varying degrees, local communities globalized and multicultural.\u00a0<\/span><span style=\"font-size: 10px; font-family: tahoma, arial, helvetica, sans-serif;\">How to articulate local sustainability,<em>\u00a0which has meaning only in the overall sustainability<\/em>, local competitiveness,\u00a0<em>which requires cross-sectoral synergies<\/em>,\u00a0social solidarity,\u00a0<em>which requires a national regulatory framework<\/em>, the global economic system,\u00a0<em>which reconstructs the actors, borders and markets,<\/em> and multicultural societies,<em>\u00a0which interculturalizes sustainable development<\/em>, and allow the local to play a major role in economic and international conceptions of sustainability,<em> global work but local implementation<\/em> ?<\/span><\/p>\n<p style=\"text-align: center;\"><span style=\"color: #000000; font-size: 10px; font-family: tahoma, arial, helvetica, sans-serif;\"><strong>Full text in French:<br \/>\n<\/strong><\/span><span style=\"font-family: tahoma, arial, helvetica, sans-serif; font-size: 12px; color: #000000;\">Chapitre 1 : <a style=\"color: #000000;\" href=\"https:\/\/apreis.eu\/apreis\/wp-content\/uploads\/2012\/06\/Ingenierie_DD_LD1.pdf\" target=\"_blank\" rel=\"noopener noreferrer\">Le D\u00e9veloppement local durable\u00a0\u00e0 l\u2019\u00e9preuve de l\u2019Etat, du march\u00e9 et du mondial<\/a>\u00a0<span style=\"font-size: 10px;\">(L\u00e9o Dayan)<\/span><br \/>\nChapitre 11\u00a0:\u00a0<a style=\"color: #000000;\" href=\"https:\/\/apreis.eu\/apreis\/wp-content\/uploads\/2012\/06\/Ingenierie_DD_LD2.pdf\" target=\"_blank\" rel=\"noopener noreferrer\">Pour une\u00a0r\u00e9gulation d\u00e9centralis\u00e9e de\u00a0la durabilit\u00e9 de l\u2019\u00e9conomie mon<\/a><a style=\"color: #000000;\" href=\"https:\/\/apreis.eu\/apreis\/wp-content\/uploads\/2012\/06\/Ingenierie_DD_LD2.pdf\" target=\"_blank\" rel=\"noopener noreferrer\">diale<\/a>\u00a0<span style=\"font-size: 10px;\">(L\u00e9o Dayan)<\/span><\/span><\/p>\n<p>&nbsp;<\/p>\n<p>&nbsp;<\/p>\n<p style=\"text-align: center;\"><span style=\"color: #000000;\"><a style=\"color: #000000;\" href=\"https:\/\/www.editions-harmattan.fr\/index.asp?navig=catalogue&amp;obj=livre&amp;no=30652\" target=\"_blank\" rel=\"noopener noreferrer\"><span style=\"font-size: 24px; font-family: tahoma,arial,helvetica,sans-serif;\"><strong>The\u00a0<b class=\"b5\">Algerian <\/b><b class=\"b4\">SME\u00a0&amp;<\/b>\u00a0the\u00a0<b class=\"b5\">challenge f<\/b><b class=\"b4\">or Globalization<\/b><\/strong><\/span><\/a><\/span><\/p>\n<p>&nbsp;<\/p>\n<p style=\"text-align: center;\">\u00a0 <a href=\"https:\/\/www.editions-harmattan.fr\/index.asp?navig=catalogue&amp;obj=livre&amp;no=30652\" target=\"_blank\" rel=\"noopener noreferrer\"><img loading=\"lazy\" class=\"alignnone wp-image-4162 size-full\" src=\"https:\/\/apreis.eu\/apreis\/wp-content\/uploads\/2015\/02\/PME.alg1_.jpg\" alt=\"PME.alg1\" width=\"289\" height=\"450\" srcset=\"https:\/\/apreis.eu\/enapreis\/wp-content\/uploads\/2015\/02\/PME.alg1_.jpg 289w, https:\/\/apreis.eu\/enapreis\/wp-content\/uploads\/2015\/02\/PME.alg1_-193x300.jpg 193w\" sizes=\"(max-width: 289px) 100vw, 289px\" \/><\/a><a href=\"https:\/\/www.editions-harmattan.fr\/index.asp?navig=catalogue&amp;obj=livre&amp;no=30652\" target=\"_blank\" rel=\"noopener noreferrer\"><img loading=\"lazy\" class=\"alignnone wp-image-4163 size-full\" src=\"https:\/\/apreis.eu\/apreis\/wp-content\/uploads\/2015\/02\/PME.Alg2_.jpg\" alt=\"PME.Alg2\" width=\"291\" height=\"450\" srcset=\"https:\/\/apreis.eu\/enapreis\/wp-content\/uploads\/2015\/02\/PME.Alg2_.jpg 291w, https:\/\/apreis.eu\/enapreis\/wp-content\/uploads\/2015\/02\/PME.Alg2_-194x300.jpg 194w\" sizes=\"(max-width: 291px) 100vw, 291px\" \/><\/a><\/p>\n<p><span style=\"font-size: 10px; font-family: tahoma, arial, helvetica, sans-serif;\">The approximately 300 000 SMEs in Algeria are the most fragile in the Mediterranean area. Concerning the internationalization of SMEs, the public authorities are confronted with multiple questions.<\/span><\/p>\n<p style=\"text-align: center;\"><span style=\"font-family: tahoma,arial,helvetica,sans-serif; color: #993300;\"><span class=\"Style112\"><strong><span style=\"font-size: 12px;\"><span class=\"Style4\"><span class=\"Style203\"><span style=\"color: #000000;\">Full text in French :<\/span><br \/>\n<\/span><\/span><\/span><\/strong><\/span><\/span><span style=\"font-family: tahoma, arial, helvetica, sans-serif;\"><span style=\"color: #993300;\"><span class=\"Style112\"><span style=\"font-size: 12px;\"><span class=\"Style4\"><span class=\"Style203\"><span style=\"color: #000000;\">Chap.8: \u00a0<a style=\"color: #000000;\" href=\"https:\/\/apreis.eu\/apreis\/wp-content\/uploads\/2015\/02\/PME.Algerie.l.day_.pdf\" target=\"_blank\" rel=\"noopener noreferrer\">D\u00e9fis, atouts et strat\u00e9gies des TPE et PME du local : <\/a><\/span><\/span><\/span><\/span><\/span><\/span><span style=\"color: #993300;\"><span class=\"Style112\"><span style=\"color: #000000;\"><a style=\"color: #000000;\" href=\"https:\/\/apreis.eu\/apreis\/wp-content\/uploads\/2015\/02\/PME.Algerie.l.day_.pdf\" target=\"_blank\" rel=\"noopener noreferrer\"><span class=\"Style203\"><span class=\"Style18\"><span style=\"font-size: 12px;\">exemple du secteur du tourisme en Alg\u00e9rie<\/span><\/span><\/span><\/a><span class=\"Style203\"><span class=\"Style18\">\u00a0<\/span><\/span><\/span><\/span><span class=\"Style4\" style=\"font-size: 10px; color: #000000;\">(L\u00e9o Dayan)<\/span><\/span><\/span><\/p>\n<p style=\"text-align: center;\"><strong><br \/>\n<\/strong><strong>\u00a0 \u00a0 \u00a0\u00a0<\/strong><\/p>\n<p><span style=\"color: #000000; font-family: verdana; font-size: x-small; line-height: normal; text-align: justify;\">\u00a0<\/span><\/p>\n","protected":false},"excerpt":{"rendered":"<p>&nbsp; Threats to Multiculturalism &nbsp; \u00a0 \u00a0 \u00a0 \u00a0 \u00a0 \u00a0 \u00a0 \u00a0 \u00a0 \u00a0 \u00a0 \u00a0 \u00a0 \u00a0 \u00a0 \u00a0 \u00a0 \u00a0 \u00a0 \u00a0 \u00a0 \u00a0 \u00a0 \u00a0 \u00a0 \u00a0 \u00a0 \u00a0 \u00a0 \u00a0 \u00a0 \u00a0 \u00a0 \u00a0 \u00a0 [&hellip;]<\/p>\n","protected":false},"author":1,"featured_media":0,"parent":3875,"menu_order":0,"comment_status":"closed","ping_status":"closed","template":"tpl_full_page.php","meta":[],"_links":{"self":[{"href":"https:\/\/apreis.eu\/enapreis\/wp-json\/wp\/v2\/pages\/1214"}],"collection":[{"href":"https:\/\/apreis.eu\/enapreis\/wp-json\/wp\/v2\/pages"}],"about":[{"href":"https:\/\/apreis.eu\/enapreis\/wp-json\/wp\/v2\/types\/page"}],"author":[{"embeddable":true,"href":"https:\/\/apreis.eu\/enapreis\/wp-json\/wp\/v2\/users\/1"}],"replies":[{"embeddable":true,"href":"https:\/\/apreis.eu\/enapreis\/wp-json\/wp\/v2\/comments?post=1214"}],"version-history":[{"count":2,"href":"https:\/\/apreis.eu\/enapreis\/wp-json\/wp\/v2\/pages\/1214\/revisions"}],"predecessor-version":[{"id":36983,"href":"https:\/\/apreis.eu\/enapreis\/wp-json\/wp\/v2\/pages\/1214\/revisions\/36983"}],"up":[{"embeddable":true,"href":"https:\/\/apreis.eu\/enapreis\/wp-json\/wp\/v2\/pages\/3875"}],"wp:attachment":[{"href":"https:\/\/apreis.eu\/enapreis\/wp-json\/wp\/v2\/media?parent=1214"}],"curies":[{"name":"wp","href":"https:\/\/api.w.org\/{rel}","templated":true}]}}