{"id":995,"date":"2015-01-01T17:21:00","date_gmt":"2015-01-01T17:21:00","guid":{"rendered":"https:\/\/apreis.eu\/enapreis\/?page_id=995"},"modified":"2026-03-02T12:19:41","modified_gmt":"2026-03-02T12:19:41","slug":"apreis-2","status":"publish","type":"page","link":"https:\/\/apreis.eu\/enapreis\/","title":{"rendered":"Front Page"},"content":{"rendered":"<h1 style=\"text-align: center;\"><span style=\"color: #0000ff; font-size: 48px;\"><em><strong>So, still digging?<\/strong><\/em><\/span><\/h1>\n<table style=\"border-collapse: collapse; width: 100%;\">\n<tbody>\n<tr>\n<td style=\"width: 50%;\">\u00a0<\/td>\n<td style=\"width: 50%;\">\u00a0<\/td>\n<\/tr>\n<\/tbody>\n<\/table>\n<div dir=\"auto\" style=\"text-align: center;\">\n<div dir=\"auto\" style=\"text-align: center;\">\n<p><span style=\"font-size: 20px;\"><strong>THE FILM<\/strong><\/span><\/p>\n<p><span style=\"font-size: 20px;\"><strong>ON THE IMAGINARY OF RESEARCHERS\u00a0<\/strong><\/span><\/p>\n<p><span style=\"font-size: 20px;\"><strong>&amp;<\/strong><\/span><\/p>\n<p><span style=\"font-size: 20px;\"><strong>THE DOCUMENTARY<\/strong><\/span><\/p>\n<p><span style=\"font-size: 20px;\"><strong>FOR RESEARCH, CLIMATE, WOMEN AND YOUTH<\/strong><\/span><strong><span style=\"font-size: 14px;\">\u00a0<\/span><\/strong><\/p>\n<\/div>\n<\/div>\n<div id=\"pl-995\" class=\"panel-layout\">\n<div id=\"pg-995-0\" class=\"panel-grid panel-has-style\" data-style=\"{&quot;padding&quot;:&quot;2px&quot;,&quot;background_image_attachment&quot;:false,&quot;background_display&quot;:&quot;tile&quot;,&quot;bottom_margin&quot;:&quot;0px&quot;,&quot;gutter&quot;:&quot;0px&quot;,&quot;cell_alignment&quot;:&quot;flex-start&quot;}\">\n<div class=\"panel-row-style panel-row-style-for-995-0\">\n<div id=\"pgc-995-0-0\" class=\"panel-grid-cell\" data-weight=\"1\">\n<div id=\"panel-995-0-0-0\" class=\"so-panel widget widget_black-studio-tinymce widget_black_studio_tinymce panel-first-child panel-last-child\" style=\"text-align: center;\" data-index=\"0\" data-style=\"{&quot;background_image_attachment&quot;:false,&quot;background_display&quot;:&quot;tile&quot;}\">\n<div class=\"Statuses\">\n<div class=\"Status\">\u00a0<\/div>\n<div class=\"Status\"><span style=\"font-size: 20px;\"><strong>\u00a0<\/strong><\/span><span style=\"font-size: 12px;\"><strong>Finalist : <span style=\"font-size: 20px;\">4 <span style=\"font-size: 12px;\">;<\/span><\/span> \u00a0<\/strong><\/span><span style=\"font-size: 12px;\"><strong>Semi-Finalist : <\/strong><\/span><strong>\u00a0<span style=\"font-size: 20px;\">1 <span style=\"font-size: 12px;\">;\u00a0 <\/span><\/span><\/strong><strong><span style=\"font-size: 14px;\"><span style=\"font-size: 12px;\">Nominee : <span style=\"font-size: 20px;\">2<\/span>\u00a0 \u00a0;\u00a0 <\/span><\/span><\/strong><span style=\"font-size: 12px;\"><strong>Honourable <\/strong><\/span><span style=\"font-size: 12px;\"><strong>Mention : <span style=\"font-size: 20px;\">3<\/span><\/strong><\/span><\/div>\n<\/div>\n<\/div>\n<\/div>\n<\/div>\n<\/div>\n<\/div>\n<div id=\"pl-995\" class=\"panel-layout\">\n<div id=\"pg-995-0\" class=\"panel-grid panel-has-style\" data-style=\"{&quot;padding&quot;:&quot;2px&quot;,&quot;background_image_attachment&quot;:false,&quot;background_display&quot;:&quot;tile&quot;,&quot;bottom_margin&quot;:&quot;0px&quot;,&quot;gutter&quot;:&quot;0px&quot;,&quot;cell_alignment&quot;:&quot;flex-start&quot;}\">\n<div class=\"panel-row-style panel-row-style-for-995-0\">\n<div id=\"pgc-995-0-0\" class=\"panel-grid-cell\" data-weight=\"1\">\n<div id=\"panel-995-0-0-0\" class=\"so-panel widget widget_black-studio-tinymce widget_black_studio_tinymce panel-first-child panel-last-child\" style=\"text-align: center;\" data-index=\"0\" data-style=\"{&quot;background_image_attachment&quot;:false,&quot;background_display&quot;:&quot;tile&quot;}\">\n<div class=\"Statuses\">\n<div class=\"Status\"><span style=\"font-size: 24px;\"><strong><span style=\"font-size: 36px;\">AWARD WINNER :<\/span> <span style=\"font-size: 48px;\">22<\/span><\/strong><\/span><\/div>\n<div>\u00a0<\/div>\n<\/div>\n<\/div>\n<\/div>\n<\/div>\n<\/div>\n<\/div>\n<div><img loading=\"lazy\" class=\"wp-image-29296 aligncenter\" style=\"text-align: center;\" src=\"https:\/\/apreis.eu\/enapreis\/wp-content\/uploads\/2023\/03\/GOLDEN-LEAF.png\" alt=\"\" width=\"375\" height=\"207\" srcset=\"https:\/\/apreis.eu\/enapreis\/wp-content\/uploads\/2023\/03\/GOLDEN-LEAF.png 400w, https:\/\/apreis.eu\/enapreis\/wp-content\/uploads\/2023\/03\/GOLDEN-LEAF-300x166.png 300w\" sizes=\"(max-width: 375px) 100vw, 375px\" \/><img loading=\"lazy\" class=\"wp-image-37576 aligncenter\" src=\"https:\/\/apreis.eu\/enapreis\/wp-content\/uploads\/2026\/02\/IMPACTS-LA-JOLLA-2022-SEIS.png\" alt=\"\" width=\"375\" height=\"249\" srcset=\"https:\/\/apreis.eu\/enapreis\/wp-content\/uploads\/2026\/02\/IMPACTS-LA-JOLLA-2022-SEIS.png 595w, https:\/\/apreis.eu\/enapreis\/wp-content\/uploads\/2026\/02\/IMPACTS-LA-JOLLA-2022-SEIS-300x199.png 300w, https:\/\/apreis.eu\/enapreis\/wp-content\/uploads\/2026\/02\/IMPACTS-LA-JOLLA-2022-SEIS-272x182.png 272w\" sizes=\"(max-width: 375px) 100vw, 375px\" \/><\/div>\n<div id=\"pl-995\" class=\"panel-layout\">\n<div id=\"pg-995-0\" class=\"panel-grid panel-has-style\" data-style=\"{&quot;padding&quot;:&quot;2px&quot;,&quot;background_image_attachment&quot;:false,&quot;background_display&quot;:&quot;tile&quot;,&quot;bottom_margin&quot;:&quot;0px&quot;,&quot;gutter&quot;:&quot;0px&quot;,&quot;cell_alignment&quot;:&quot;flex-start&quot;}\">\n<div class=\"panel-row-style panel-row-style-for-995-0\">\n<div>\n<table style=\"border-collapse: collapse; width: 100%; height: 130px;\">\n<tbody>\n<tr style=\"height: 130px;\">\n<td style=\"width: 33.3333%; height: 130px;\"><img loading=\"lazy\" class=\"alignnone wp-image-36320\" style=\"text-align: center;\" src=\"https:\/\/apreis.eu\/enapreis\/wp-content\/uploads\/2023\/03\/BISBEST-DIRECTOR-KRIMSON-1-e1680188693514.png\" alt=\"\" width=\"300\" height=\"165\" \/><\/td>\n<td style=\"width: 33.3333%; height: 130px;\"><img loading=\"lazy\" class=\"aligncenter wp-image-36966 size-medium\" style=\"text-align: center;\" src=\"https:\/\/apreis.eu\/enapreis\/wp-content\/uploads\/2023\/04\/BISMUSIC-WINNER-INDIA-cine-tube-laurel-300x172.png\" alt=\"\" width=\"300\" height=\"172\" \/><\/td>\n<td style=\"width: 33.3333%; height: 130px;\"><img loading=\"lazy\" class=\"alignnone size-full wp-image-36966\" src=\"https:\/\/apreis.eu\/enapreis\/wp-content\/uploads\/2023\/04\/BISMUSIC-WINNER-INDIA-cine-tube-laurel-e1681897290565.png\" alt=\"\" width=\"389\" height=\"223\" \/><\/td>\n<\/tr>\n<\/tbody>\n<\/table>\n<\/div>\n<\/div>\n<\/div>\n<div>\u00a0<\/div>\n<div><img loading=\"lazy\" class=\"wp-image-37591 size-medium aligncenter\" src=\"https:\/\/apreis.eu\/enapreis\/wp-content\/uploads\/2026\/02\/KIEV-2-300x199.png\" alt=\"\" width=\"300\" height=\"199\" srcset=\"https:\/\/apreis.eu\/enapreis\/wp-content\/uploads\/2026\/02\/KIEV-2-300x199.png 300w, https:\/\/apreis.eu\/enapreis\/wp-content\/uploads\/2026\/02\/KIEV-2.png 595w\" sizes=\"(max-width: 300px) 100vw, 300px\" \/><\/div>\n<div id=\"pg-995-0\" class=\"panel-grid panel-has-style\" data-style=\"{&quot;padding&quot;:&quot;2px&quot;,&quot;background_image_attachment&quot;:false,&quot;background_display&quot;:&quot;tile&quot;,&quot;bottom_margin&quot;:&quot;0px&quot;,&quot;gutter&quot;:&quot;0px&quot;,&quot;cell_alignment&quot;:&quot;flex-start&quot;}\">\n<div class=\"panel-row-style panel-row-style-for-995-0\">\n<div id=\"pgc-995-0-0\" class=\"panel-grid-cell\" data-weight=\"1\">\n<div id=\"panel-995-0-0-0\" class=\"so-panel widget widget_black-studio-tinymce widget_black_studio_tinymce panel-first-child panel-last-child\" style=\"text-align: center;\" data-index=\"0\" data-style=\"{&quot;background_image_attachment&quot;:false,&quot;background_display&quot;:&quot;tile&quot;}\">\n<div class=\"Statuses\">\n<div><img loading=\"lazy\" class=\"aligncenter wp-image-37560\" style=\"text-align: start;\" src=\"https:\/\/apreis.eu\/enapreis\/wp-content\/uploads\/2026\/02\/AWARD-WINNER-GENEVA-2026-1-300x199.png\" alt=\"\" width=\"400\" height=\"266\" srcset=\"https:\/\/apreis.eu\/enapreis\/wp-content\/uploads\/2026\/02\/AWARD-WINNER-GENEVA-2026-1-300x199.png 300w, https:\/\/apreis.eu\/enapreis\/wp-content\/uploads\/2026\/02\/AWARD-WINNER-GENEVA-2026-1-272x182.png 272w, https:\/\/apreis.eu\/enapreis\/wp-content\/uploads\/2026\/02\/AWARD-WINNER-GENEVA-2026-1.png 595w\" sizes=\"(max-width: 400px) 100vw, 400px\" \/><\/div>\n<div>\u00a0<\/div>\n<div><img loading=\"lazy\" class=\"wp-image-17700 alignnone\" src=\"https:\/\/apreis.eu\/enapreis\/wp-content\/uploads\/2021\/12\/haut-APREIS-AFFICHE-ATT-FR.png\" alt=\"\" width=\"384\" height=\"393\" srcset=\"https:\/\/apreis.eu\/enapreis\/wp-content\/uploads\/2021\/12\/haut-APREIS-AFFICHE-ATT-FR.png 447w, https:\/\/apreis.eu\/enapreis\/wp-content\/uploads\/2021\/12\/haut-APREIS-AFFICHE-ATT-FR-293x300.png 293w\" sizes=\"(max-width: 384px) 100vw, 384px\" \/><\/div>\n<div><div id=\"SlideDeck-17251-frame\" class=\"slidedeck-frame slidedeck_frame slidedeck-frame-17251 lens-tool-kit show-overlay-hover display-nav-never content-source-custom sd2-hideSpines sd2-show-author sd2-show-author-avatar sd2-show-link-slide sd2-show-title sd2-show-excerpt sd2-show-readmore sd2-custom sd2-medium sd2-light default-nav-styles sd2-no-nav sd2-hairline sd2-nav-hanging sd2-nav-pos-bottom sd2-title-pos-top sd2-title-dark sd2-1 sd2-nav-arrow-style-1 sd2-arrowstyle-7\" style=\"width:720px;height:440px;\" data-sd2-lazy-load-padding=\"1\"><div class=\"sd-wrapper\"><dl id=\"SlideDeck-17251\" class=\"slidedeck slidedeck-17251\" style=\"width:718px;height:438px;\"><dt>Trailer \u00ab\u00a0So, still digging ?\u00a0\u00bb<\/dt><dd style=\"\" class=\"no-image has-excerpt has-title custom-layout-caption custom-caption-position-top sd2-image-scaling-cover slide-type-html slide-source-custom\" data-thumbnail-src=\"\"><div class=\"sd2-content-wrapper\"><div style=\"padding:56.25% 0 0 0;position:relative;\"><iframe src=\"https:\/\/player.vimeo.com\/video\/609982473?badge=0&amp;autopause=0&amp;quality_selector=1&amp;player_id=0&amp;app_id=58479\" frameborder=\"0\" allow=\"autoplay; fullscreen; picture-in-picture\" style=\"position:absolute;top:0;left:0;width:100%;height:100%;\" title=\"TRAILER :  &quot;ALORS TU TROUVES ?&quot;                            &quot;SO, STILL  DIGGING ? &quot;\"><\/iframe><\/div><script src=\"https:\/\/player.vimeo.com\/api\/player.js\"><\/script><\/div><\/dd><\/dl><div class=\"slidedeck-overlays\" data-for=\"SlideDeck-17251\"><a href=\"#slidedeck-overlays\" class=\"slidedeck-overlays-showhide\">Overlays<span class=\"open-icon\"><\/span><span class=\"close-icon\"><\/span><\/a><span class=\"slidedeck-overlays-wrapper\"><a href=\"https:\/\/www.facebook.com\/sharer.php?u=https:\/\/apreis.eu\/enapreis\/#SlideDeck-17251&t=TRAILER+SO%2C+STILL+DIGGING\" target=\"_blank\" class=\"slidedeck-overlay slidedeck-overlay-type-facebook slidedeck-overlay-1\" data-popup-width=\"659\" data-popup-height=\"592\" data-type=\"facebook\"><span class=\"slidedeck-overlay-logo\"><\/span><span class=\"slidedeck-overlay-label\">Share<\/span><\/a><a href=\"https:\/\/twitter.com\/intent\/tweet?url=https%3A%2F%2Fapreis.eu%2Fenapreis%2F%23SlideDeck-17251&via=slidedeck&related=slidedeck&text=Check+out+this+SlideDeck%21\" target=\"_blank\" class=\"slidedeck-overlay slidedeck-overlay-type-twitter slidedeck-overlay-2\" data-popup-width=\"466\" data-popup-height=\"484\" data-type=\"twitter\"><span class=\"slidedeck-overlay-logo\"><\/span><span class=\"slidedeck-overlay-label\">Tweet<\/span><\/a><\/span><\/div><a class=\"deck-navigation horizontal prev\" href=\"#prev-horizontal\"><span>Previous<\/span><\/a><a class=\"deck-navigation horizontal next\" href=\"#next-horizontal\"><span>Next<\/span><\/a><a class=\"deck-navigation vertical prev\" href=\"#prev-vertical\"><span>Previous<\/span><\/a><a class=\"deck-navigation vertical next\" href=\"#next-vertical\"><span>Next<\/span><\/a><\/div><\/div><\/div>\n<\/div>\n<\/div>\n<\/div>\n<\/div>\n<\/div>\n<\/div>\n<p style=\"text-align: justify;\"><img loading=\"lazy\" class=\"aligncenter wp-image-18017 size-full\" src=\"https:\/\/apreis.eu\/apreis\/wp-content\/uploads\/KBerlin-BEST-ENVIR-AND-CLIMATE-e1647509111219.jpg\" alt=\"\" width=\"400\" height=\"307\" \/><\/p>\n<h1 dir=\"auto\">\u00a0<\/h1>\n<h1 dir=\"auto\" style=\"text-align: center;\"><span style=\"font-size: 24px;\"><strong>Directed by Hugo Dayan<\/strong><\/span><\/h1>\n<p>&nbsp;<\/p>\n<h1 dir=\"auto\" style=\"text-align: center;\"><span style=\"font-size: 24px;\"><strong>Produced\u00a0 by APREIS<\/strong><\/span><\/h1>\n<p>&nbsp;<\/p>\n<p>&nbsp;<\/p>\n<p>&nbsp;<\/p>\n<p style=\"text-align: center;\"><img loading=\"lazy\" class=\"alignnone wp-image-36063 size-full\" src=\"https:\/\/apreis.eu\/apreis\/wp-content\/uploads\/The-researcher-autor-and-director-Hugo-Dayan-working-on-a-threatened-atoll-in-French-Polynesia.jpg\" alt=\"\" width=\"1000\" height=\"562\" \/><em><span style=\"font-size: 10px;\">Le chercheur, auteur et r\u00e9alisateur, Hugo Dayan , en travail\u00a0 sur un attol menac\u00e9 en Polynesie Fran\u00e7aise<\/span><\/em><\/p>\n<p style=\"text-align: center;\"><span style=\"font-size: 12px;\"><span style=\"font-size: 10px;\">Announced on\u00a0 April\u00a0 2022 <\/span><\/span><img loading=\"lazy\" class=\"wp-image-18147 size-full aligncenter\" src=\"https:\/\/apreis.eu\/apreis\/wp-content\/uploads\/der-golden-leaf-et-image-festival-J-et-H-1-e1656635011882.jpg\" alt=\"\" width=\"600\" height=\"397\" \/><em style=\"font-family: georgia, palatino, serif; font-size: 8px;\">Le r\u00e9alisateur, Hugo Dayan,\u00a0 le directeur musical du\u00a0 \u00a0film, Julien Dayan et la pr\u00e9sidente du jury, Annie Baronnet<\/em><\/p>\n<h6 style=\"text-align: center;\"><strong><img loading=\"lazy\" class=\"alignnone wp-image-36064 size-full\" src=\"https:\/\/apreis.eu\/apreis\/wp-content\/uploads\/ITALIA-GREEN-FESTIVAL-1-e1677767586242.jpg\" alt=\"\" width=\"500\" height=\"206\" \/><\/strong><\/h6>\n<table style=\"border-collapse: collapse; width: 100%; height: 10px;\">\n<tbody>\n<tr style=\"height: 155px;\">\n<td style=\"width: 33.3333%; text-align: center; height: 10px; vertical-align: top;\"><span style=\"font-size: 8px;\">Announced on October 2021<img loading=\"lazy\" class=\"alignnone size-full wp-image-17697\" src=\"https:\/\/apreis.eu\/apreis\/wp-content\/uploads\/OFFICIAL-SELECTION-Berlin-International-Art-Film-Festival-2021-2-1-e1639210893851.png\" alt=\"\" width=\"189\" height=\"125\" \/><\/span><\/td>\n<td style=\"width: 33.3333%; text-align: center; height: 10px; vertical-align: top;\"><span style=\"font-size: 8px;\">Announced on\u00a0 December 2021<img loading=\"lazy\" class=\"alignnone wp-image-17739 size-full\" src=\"https:\/\/apreis.eu\/apreis\/wp-content\/uploads\/SELECAO-OFICIAL-Festival-internacional-Signos-da-Noite-Lisboa-2021-e1640444649880.png\" alt=\"\" width=\"189\" height=\"125\" \/><br \/>\n<\/span><\/td>\n<td style=\"width: 33.3333%; text-align: center; height: 10px; vertical-align: top;\"><span style=\"font-size: 8px;\">Announced on\u00a0 December 2021<img loading=\"lazy\" class=\"alignnone size-full wp-image-17689\" src=\"https:\/\/apreis.eu\/apreis\/wp-content\/uploads\/Selection-officielle-British-columbia-e1639210921763.png\" alt=\"\" width=\"189\" height=\"125\" \/><\/span><\/td>\n<\/tr>\n<\/tbody>\n<\/table>\n<table style=\"border-collapse: collapse; width: 100.306%; height: 75px;\">\n<tbody>\n<tr style=\"height: 123px;\">\n<td style=\"width: 29.4128%; height: 75px; text-align: center; vertical-align: top;\"><span style=\"font-size: 8px;\">Announced on\u00a0 December 2021<img loading=\"lazy\" class=\"alignnone wp-image-17845\" src=\"https:\/\/apreis.eu\/apreis\/wp-content\/uploads\/semi-finalist-MONTREAL-2022-300x199.png\" alt=\"\" width=\"189\" height=\"125\" \/><\/span><\/td>\n<td style=\"width: 40.7047%; height: 75px; text-align: center; vertical-align: top;\"><span style=\"font-size: 8px;\">Announced on\u00a0 December 2021<img loading=\"lazy\" class=\"alignnone wp-image-18179\" src=\"https:\/\/apreis.eu\/apreis\/wp-content\/uploads\/Winner-TorontoFilmandScriptAwards-2021-2-300x166.png\" alt=\"\" width=\"400\" height=\"221\" \/><\/span><\/td>\n<td style=\"width: 35.5861%; height: 75px; text-align: center; vertical-align: top;\"><span style=\"font-size: 8px;\"><span style=\"color: #000000;\">Announced on January 2022<img loading=\"lazy\" class=\"alignnone size-full wp-image-36121\" src=\"https:\/\/apreis.eu\/apreis\/wp-content\/uploads\/FINALIST-Stockholm-City-Film-Festival-2022-e1643646245323-2.jpg\" alt=\"\" width=\"189\" height=\"125\" \/><\/span><\/span><\/td>\n<\/tr>\n<\/tbody>\n<\/table>\n<table style=\"border-collapse: collapse; width: 100.283%; height: 59px;\">\n<tbody>\n<tr style=\"height: 73px;\">\n<td style=\"width: 50%; height: 59px; text-align: center; vertical-align: top;\"><span style=\"font-size: 8px;\"><span style=\"color: #000000;\">Announced on January 2022<\/span><\/span><br \/>\n<img loading=\"lazy\" class=\"aligncenter wp-image-18180\" style=\"color: #000000; font-size: 8px; text-align: center;\" src=\"https:\/\/apreis.eu\/apreis\/wp-content\/uploads\/finalist-J22-LULEA-SWEDEN-300x199.png\" alt=\"\" width=\"189\" height=\"125\" \/><\/td>\n<td style=\"width: 50.3068%; height: 59px; text-align: center; vertical-align: top;\"><span style=\"color: #000000;\"><span style=\"font-size: 8px;\">Announced on March 2022<\/span><\/span><br \/>\n<img loading=\"lazy\" class=\"alignnone wp-image-36065 size-full\" src=\"https:\/\/apreis.eu\/apreis\/wp-content\/uploads\/ff-OFFICIAL_SELECTION_-_Paris_Film_Awards_________________________-1-e1677767829670.png\" alt=\"\" width=\"189\" height=\"125\" \/><\/td>\n<\/tr>\n<\/tbody>\n<\/table>\n<p style=\"text-align: center;\"><span style=\"color: #000000;\"><span style=\"font-size: 8px;\">Announced on March 2022<\/span><\/span><\/p>\n<table style=\"border-collapse: collapse; width: 99.7174%; height: 67px;\">\n<tbody>\n<tr style=\"height: 67px;\">\n<td style=\"width: 50%; height: 67px;\"><img loading=\"lazy\" class=\"alignnone size-medium wp-image-36086\" src=\"https:\/\/apreis.eu\/apreis\/wp-content\/uploads\/black-2-WINNER-AWARD-OF-MERIT-SPECIAL-MENTION-RESEARCH-EXCELLENCE-AWARD-The-Impact-DOCS-Awards-La-Jolla-California-2022-1-300x199.png\" alt=\"\" width=\"300\" height=\"199\" \/><\/td>\n<td style=\"width: 49.7175%; height: 67px;\"><img loading=\"lazy\" class=\"aligncenter wp-image-18194 size-full\" style=\"font-size: 8px; color: #000000; text-align: center;\" src=\"https:\/\/apreis.eu\/apreis\/wp-content\/uploads\/DER-FINAL-KIEZ-BERLIN-1-e1662811446501.png\" alt=\"\" width=\"450\" height=\"240\" \/><\/td>\n<\/tr>\n<\/tbody>\n<\/table>\n<p>&nbsp;<\/p>\n<p style=\"text-align: center;\"><img loading=\"lazy\" class=\"alignnone size-full wp-image-17971\" src=\"https:\/\/apreis.eu\/apreis\/wp-content\/uploads\/SO-STILL-DIGGING-1-e1656939309271.png\" alt=\"\" width=\"500\" height=\"354\" \/><\/p>\n<p><img loading=\"lazy\" class=\"aligncenter wp-image-17975 size-full\" src=\"https:\/\/apreis.eu\/apreis\/wp-content\/uploads\/OTB-2-ATT-scaled-e1665071789674.jpg\" alt=\"\" width=\"300\" height=\"169\" \/><\/p>\n<p>&nbsp;<\/p>\n<div id=\"pl-995\" class=\"panel-layout\">\n<div id=\"pg-995-0\" class=\"panel-grid panel-has-style\" data-style=\"{&quot;padding&quot;:&quot;2px&quot;,&quot;background_image_attachment&quot;:false,&quot;background_display&quot;:&quot;tile&quot;,&quot;bottom_margin&quot;:&quot;0px&quot;,&quot;gutter&quot;:&quot;0px&quot;,&quot;cell_alignment&quot;:&quot;flex-start&quot;}\">\n<div class=\"panel-row-style panel-row-style-for-995-0\">\n<div id=\"pgc-995-0-0\" class=\"panel-grid-cell\" data-weight=\"1\">\n<div id=\"panel-995-0-0-0\" class=\"so-panel widget widget_black-studio-tinymce widget_black_studio_tinymce panel-first-child panel-last-child\" style=\"text-align: center;\" data-index=\"0\" data-style=\"{&quot;background_image_attachment&quot;:false,&quot;background_display&quot;:&quot;tile&quot;}\">\n<div class=\"textwidget\"><img loading=\"lazy\" class=\"alignnone size-medium wp-image-29154\" src=\"https:\/\/apreis.eu\/enapreis\/wp-content\/uploads\/2023\/03\/haut-APREIS-AFFICHE_ATT-WEB-English-30X40-1-292x300.jpg\" alt=\"\" width=\"292\" height=\"300\" srcset=\"https:\/\/apreis.eu\/enapreis\/wp-content\/uploads\/2023\/03\/haut-APREIS-AFFICHE_ATT-WEB-English-30X40-1-292x300.jpg 292w, https:\/\/apreis.eu\/enapreis\/wp-content\/uploads\/2023\/03\/haut-APREIS-AFFICHE_ATT-WEB-English-30X40-1.jpg 447w\" sizes=\"(max-width: 292px) 100vw, 292px\" \/>\u00a0 \u00a0 \u00a0 \u00a0 \u00a0 \u00a0<img loading=\"lazy\" class=\"alignnone size-full wp-image-29207\" src=\"https:\/\/apreis.eu\/enapreis\/wp-content\/uploads\/2023\/03\/haut-APREIS-AFFICHE-ATT-FR-1-e1644716720707.png\" alt=\"\" width=\"293\" height=\"300\" \/><\/div>\n<\/div>\n<\/div>\n<\/div>\n<\/div>\n<\/div>\n<div id=\"pl-995\" class=\"panel-layout\">\n<div id=\"pg-995-0\" class=\"panel-grid panel-has-style\" data-style=\"{&quot;padding&quot;:&quot;2px&quot;,&quot;background_image_attachment&quot;:false,&quot;background_display&quot;:&quot;tile&quot;,&quot;bottom_margin&quot;:&quot;0px&quot;,&quot;gutter&quot;:&quot;0px&quot;,&quot;cell_alignment&quot;:&quot;flex-start&quot;}\">\n<div class=\"panel-row-style panel-row-style-for-995-0\">\n<div id=\"pgc-995-0-0\" class=\"panel-grid-cell\" data-weight=\"1\">\n<div id=\"panel-995-0-0-0\" class=\"so-panel widget widget_black-studio-tinymce widget_black_studio_tinymce panel-first-child panel-last-child\" style=\"text-align: center;\" data-index=\"0\" data-style=\"{&quot;background_image_attachment&quot;:false,&quot;background_display&quot;:&quot;tile&quot;}\">\n<div class=\"Statuses\">\n<div class=\"Status\">\u00a0<\/div>\n<\/div>\n<p><img loading=\"lazy\" class=\"alignnone size-full wp-image-37344\" src=\"https:\/\/apreis.eu\/enapreis\/wp-content\/uploads\/2023\/10\/OTB-1-ATT.jpg\" alt=\"\" width=\"300\" height=\"169\" \/><\/p>\n<p>&nbsp;<\/p>\n<p style=\"text-align: center;\"><img loading=\"lazy\" class=\"alignnone wp-image-37343 size-full\" src=\"https:\/\/apreis.eu\/enapreis\/wp-content\/uploads\/2023\/10\/OTB-SO-STILL-DIGGING-2.png\" alt=\"\" width=\"500\" height=\"354\" srcset=\"https:\/\/apreis.eu\/enapreis\/wp-content\/uploads\/2023\/10\/OTB-SO-STILL-DIGGING-2.png 500w, https:\/\/apreis.eu\/enapreis\/wp-content\/uploads\/2023\/10\/OTB-SO-STILL-DIGGING-2-300x212.png 300w, https:\/\/apreis.eu\/enapreis\/wp-content\/uploads\/2023\/10\/OTB-SO-STILL-DIGGING-2-150x105.png 150w\" sizes=\"(max-width: 500px) 100vw, 500px\" \/><\/p>\n<div id=\"pl-995\" class=\"panel-layout\">\n<div id=\"pg-995-0\" class=\"panel-grid panel-has-style\" data-style=\"{&quot;padding&quot;:&quot;2px&quot;,&quot;background_image_attachment&quot;:false,&quot;background_display&quot;:&quot;tile&quot;,&quot;bottom_margin&quot;:&quot;0px&quot;,&quot;gutter&quot;:&quot;0px&quot;,&quot;cell_alignment&quot;:&quot;flex-start&quot;}\">\n<div class=\"panel-row-style panel-row-style-for-995-0\">\n<div id=\"pgc-995-0-0\" class=\"panel-grid-cell\" data-weight=\"1\">\n<div id=\"panel-995-0-0-0\" class=\"so-panel widget widget_black-studio-tinymce widget_black_studio_tinymce panel-first-child panel-last-child\" style=\"text-align: center;\" data-index=\"0\" data-style=\"{&quot;background_image_attachment&quot;:false,&quot;background_display&quot;:&quot;tile&quot;}\">\n<p>&nbsp;<\/p>\n<p>&nbsp;<\/p>\n<p style=\"text-align: center;\"><img loading=\"lazy\" class=\"alignnone wp-image-18261 size-full\" src=\"https:\/\/apreis.eu\/apreis\/wp-content\/uploads\/thumbnail_Parisian-Youth-for-the-Climate-e1656945955471.png\" alt=\"\" width=\"700\" height=\"394\" \/><\/p>\n<p><span style=\"font-size: 8px;\">Announced on May 2022<\/span><\/p>\n<div class=\"textwidget\" style=\"text-align: center;\"><span style=\"color: #000000;\"><span style=\"font-size: 8px;\"><img loading=\"lazy\" class=\"alignnone size-medium wp-image-36066\" src=\"https:\/\/apreis.eu\/apreis\/wp-content\/uploads\/ATT-AWARD-RIO-30-3-300x199.png\" alt=\"\" width=\"300\" height=\"199\" \/><\/span><\/span><\/div>\n<div class=\"textwidget\" style=\"text-align: center;\">\n<table style=\"border-collapse: collapse; width: 99.9714%; height: 43px;\">\n<tbody>\n<tr style=\"height: 81px;\">\n<td style=\"width: 33.3333%; height: 43px; text-align: center; vertical-align: top;\"><span style=\"color: #000000;\"><span style=\"font-size: 8px;\">Announced on May 2022<\/span><\/span><strong style=\"font-family: tahoma, arial, helvetica, sans-serif; font-size: 14px; text-align: center;\"><img loading=\"lazy\" class=\"wp-image-18011 size-full aligncenter\" style=\"color: #000000; font-size: 8px;\" src=\"https:\/\/apreis.eu\/apreis\/wp-content\/uploads\/ROME-Official_Selection_-_8__HalFilm_Awards-e1646239880747.png\" alt=\"\" width=\"189\" height=\"125\" \/><\/strong><\/td>\n<td style=\"width: 33.3333%; height: 43px; text-align: center; vertical-align: top;\">\u00a0<\/td>\n<td style=\"width: 37.7581%; height: 43px; text-align: center; vertical-align: top;\"><span style=\"color: #000000;\"><span style=\"font-size: 8px;\">Announced on June<\/span><\/span><span style=\"color: #000000;\"><span style=\"font-size: 8px;\"> 2022<\/span><\/span><strong style=\"font-family: tahoma, arial, helvetica, sans-serif; font-size: 14px;\"><br \/>\n<img loading=\"lazy\" class=\"alignnone wp-image-36077 size-full\" src=\"https:\/\/apreis.eu\/apreis\/wp-content\/uploads\/Dumbo-semi-finalist-2022-e1677772257971.png\" alt=\"\" width=\"188\" height=\"125\" \/><br \/>\n<\/strong><\/td>\n<\/tr>\n<\/tbody>\n<\/table>\n<p style=\"text-align: center;\"><span style=\"color: #000000;\"><span style=\"font-size: 8px;\">Announced on June<\/span><\/span><span style=\"color: #000000;\"><span style=\"font-size: 8px;\"> 2022<\/span><\/span><\/p>\n<table style=\"border-collapse: collapse; width: 100%; height: 97px;\">\n<tbody>\n<tr style=\"height: 97px;\">\n<td style=\"width: 50%; height: 97px; text-align: center; vertical-align: middle;\"><img loading=\"lazy\" class=\"alignnone wp-image-36076 size-full\" src=\"https:\/\/apreis.eu\/apreis\/wp-content\/uploads\/Final-ARRF-PARIS-2022-BEST-DOCUMENTARY-2-e1677772124485.png\" alt=\"\" width=\"376\" height=\"198\" \/><\/td>\n<td style=\"width: 50%; height: 97px; text-align: justify; vertical-align: top;\"><strong style=\"font-size: 20px; text-align: center;\"><img loading=\"lazy\" class=\"wp-image-18189\" src=\"https:\/\/apreis.eu\/apreis\/wp-content\/uploads\/der-cinque-ports-1-300x180.png\" alt=\"\" width=\"375\" height=\"225\" \/><\/strong><\/td>\n<\/tr>\n<\/tbody>\n<\/table>\n<p style=\"text-align: center;\"><span style=\"color: #000000;\"><span style=\"font-size: 8px;\">Announced on July<\/span><\/span><span style=\"color: #000000;\"><span style=\"font-size: 8px;\"> 2022<\/span><\/span><\/p>\n<p><img loading=\"lazy\" class=\"alignnone wp-image-36075 size-medium\" src=\"https:\/\/apreis.eu\/apreis\/wp-content\/uploads\/FINALIST-VENTONENE-300x165.png\" alt=\"\" width=\"300\" height=\"165\" \/><\/p>\n<p style=\"text-align: center;\"><span style=\"color: #000000;\"><span style=\"font-size: 8px;\">Announced on September<\/span><\/span><span style=\"color: #000000;\"><span style=\"font-size: 8px;\"> 2022\u00a0<\/span><\/span><\/p>\n<div class=\"textwidget\" style=\"text-align: center;\">\n<table style=\"border-collapse: collapse; width: 100%; height: 55px;\">\n<tbody>\n<tr style=\"height: 92px;\">\n<td style=\"width: 50%; height: 55px; text-align: center; vertical-align: middle;\"><img loading=\"lazy\" class=\"aligncenter wp-image-19260\" src=\"https:\/\/apreis.eu\/apreis\/wp-content\/uploads\/AUTRE-HONORABLE-MENTION-Voce-Spettacolo-Film-Festival-Matera-Italia-2022-e1663667916851.png\" alt=\"\" width=\"330\" height=\"170\" \/><\/td>\n<td style=\"width: 50%; height: 55px; text-align: center; vertical-align: middle;\"><img loading=\"lazy\" class=\"alignnone size-medium wp-image-36081\" src=\"https:\/\/apreis.eu\/apreis\/wp-content\/uploads\/CERTIFICAT-HONORABLE-MENTION-VOCE-SPECTACULO-1-300x212.jpg\" alt=\"\" width=\"300\" height=\"212\" \/><\/td>\n<\/tr>\n<\/tbody>\n<\/table>\n<p><span style=\"font-size: 8px; color: #000000; text-align: center;\"><br \/>\nAnnounced on October \u00a02022<\/span><\/p>\n<p><img loading=\"lazy\" class=\"alignnone wp-image-36074 size-full\" src=\"https:\/\/apreis.eu\/apreis\/wp-content\/uploads\/CALL-TO-ACTION-NOMINEE-International-Social-Change-Film-Festival-2022-2-e1677771750568.png\" alt=\"\" width=\"369\" height=\"218\" \/><\/p>\n<table style=\"border-collapse: collapse; width: 100%; height: 117px;\">\n<tbody>\n<tr style=\"height: 117px;\">\n<td style=\"width: 50.2825%; height: 117px;\"><img loading=\"lazy\" class=\"alignnone wp-image-27237\" src=\"https:\/\/apreis.eu\/apreis\/wp-content\/uploads\/LONDON-OFFICIAL_SELECTION_LAUREL-_BSIFF2022-1-1-300x270.png\" alt=\"\" width=\"283\" height=\"255\" \/><\/td>\n<td style=\"width: 49.7175%; height: 117px; text-align: center; vertical-align: top;\"><img loading=\"lazy\" class=\"alignright wp-image-27267\" src=\"https:\/\/apreis.eu\/apreis\/wp-content\/uploads\/HONORABLE-MENTION-Madonie-Film-Festival-Region-of-Sicily-2022-2-e1666620821548.png\" alt=\"\" width=\"437\" height=\"290\" \/><\/td>\n<\/tr>\n<\/tbody>\n<\/table>\n<p><span style=\"color: #000000; font-size: 8px;\">Announced on November 2022<\/span><\/p>\n<table style=\"border-collapse: collapse; width: 100%; height: 80px;\">\n<tbody>\n<tr style=\"height: 107px;\">\n<td style=\"width: 50%; height: 80px;\"><img loading=\"lazy\" class=\"alignleft wp-image-27388 size-medium\" src=\"https:\/\/apreis.eu\/apreis\/wp-content\/uploads\/OFFICIAL-SELECTION-OUT-OF-THE-CAN-INTERNATIONAL-FILM-FESTIVAL-Chesterfield-United-Kingdom-2022-300x199.png\" alt=\"\" width=\"300\" height=\"199\" \/><\/td>\n<td style=\"width: 50%; height: 80px;\"><img loading=\"lazy\" class=\"alignnone wp-image-27559\" src=\"https:\/\/apreis.eu\/apreis\/wp-content\/uploads\/titFINALIST_LAUREL_2022_BLACK_PNG-300x190.png\" alt=\"\" width=\"314\" height=\"199\" \/><\/td>\n<\/tr>\n<\/tbody>\n<\/table>\n<p><span style=\"color: #000000; font-size: 8px;\">Announced on December 2022<\/span><\/p>\n<\/div>\n<div class=\"textwidget\" style=\"text-align: center;\">\n<div class=\"textwidget\" data-wp-editing=\"1\">\n<p><img loading=\"lazy\" class=\"alignnone wp-image-27983 size-full\" src=\"https:\/\/apreis.eu\/apreis\/wp-content\/uploads\/3-final-WINNER-Climate-Change-Filmmakers-Challenge-ICP-Entertainment-Film-Festival-New-York-2022-1-e1672497532270.png\" alt=\"\" width=\"420\" height=\"229\" \/><\/p>\n<div class=\"apreis-box apreis-post\">\n<div class=\"apreis-box-body apreis-post-body\">\n<div class=\"apreis-post-inner\">\n<div class=\"apreis-postcontent\">\n<div class=\"apreis-article\">\n<div class=\"textwidget\">\n<p><span style=\"color: #000000; font-size: 8px;\">Announced on January 2023<\/span><\/p>\n<table style=\"border-collapse: collapse; width: 100%; height: 70px;\">\n<tbody>\n<tr style=\"height: 108px;\">\n<td style=\"width: 50%; height: 70px; text-align: center; vertical-align: middle;\"><img loading=\"lazy\" class=\"alignnone size-medium wp-image-36041\" src=\"https:\/\/apreis.eu\/apreis\/wp-content\/uploads\/newtit1-Gold-Award-Laurel-ENV-SO-STILL-DIGGING-APREIS-300x282.jpg\" alt=\"\" width=\"300\" height=\"282\" \/><\/td>\n<td style=\"width: 50%; height: 70px;\"><img loading=\"lazy\" class=\"alignnone size-medium wp-image-36040\" src=\"https:\/\/apreis.eu\/apreis\/wp-content\/uploads\/newtit1-Gold-Award-Laurel-FF-DOC-STILL-DIGGING-APREIS-300x285.jpg\" alt=\"\" width=\"300\" height=\"285\" \/><\/td>\n<\/tr>\n<\/tbody>\n<\/table>\n<p>&nbsp;<\/p>\n<table style=\"border-collapse: collapse; width: 100%; height: 10px;\">\n<tbody>\n<tr style=\"height: 157px;\">\n<td style=\"width: 50%; height: 10px; text-align: center; vertical-align: middle;\"><img loading=\"lazy\" class=\"alignnone wp-image-36043\" src=\"https:\/\/apreis.eu\/apreis\/wp-content\/uploads\/1-Gold-Award-Certificate-ENV-SO-STILL-DIGGING-1-300x232.jpg\" alt=\"\" width=\"400\" height=\"309\" \/><\/td>\n<td style=\"width: 50%; height: 10px; text-align: center; vertical-align: top;\"><img loading=\"lazy\" class=\"alignnone wp-image-36044\" src=\"https:\/\/apreis.eu\/apreis\/wp-content\/uploads\/1-Gold-Award-Certificate-FF-DOC-STILL-DIGGING-300x232.jpg\" alt=\"\" width=\"400\" height=\"309\" \/><\/td>\n<\/tr>\n<\/tbody>\n<\/table>\n<p>&nbsp;<\/p>\n<\/div>\n<\/div>\n<\/div>\n<\/div>\n<\/div>\n<\/div>\n<div>\n<table style=\"border-collapse: collapse; width: 99.1537%; height: 95px;\">\n<tbody>\n<tr style=\"height: 171px;\">\n<td style=\"width: 50%; height: 95px; text-align: center; vertical-align: top;\"><img loading=\"lazy\" class=\"wp-image-28018 size-full aligncenter\" src=\"https:\/\/apreis.eu\/apreis\/wp-content\/uploads\/SILVER-SCREENPLAY-award-GLOBAL-INDEPENDANT-FILMS-AWARDS-1-e1672588770170.png\" alt=\"\" width=\"429\" height=\"231\" \/><\/td>\n<td style=\"width: 50%; height: 95px; text-align: center; vertical-align: top;\"><img loading=\"lazy\" class=\"aligncenter wp-image-28020 size-full\" src=\"https:\/\/apreis.eu\/apreis\/wp-content\/uploads\/SILVER-EDITING-award-GLOBAL-INDEPENDANT-FILMS-AWARDS-2-e1672589236100.png\" alt=\"\" width=\"429\" height=\"231\" \/><\/td>\n<\/tr>\n<\/tbody>\n<\/table>\n<\/div>\n<div>\u00a0<\/div>\n<div>\n<table style=\"border-collapse: collapse; width: 100%; height: 149px;\">\n<tbody>\n<tr style=\"height: 149px;\">\n<td style=\"width: 50%; height: 149px; text-align: center; vertical-align: middle;\"><img loading=\"lazy\" class=\"alignnone wp-image-36118 size-full\" src=\"https:\/\/apreis.eu\/apreis\/wp-content\/uploads\/2-Silver-Award-Certificate-EDIT-SO-STILL-DIGGING-1-e1677962877220.png\" alt=\"\" width=\"411\" height=\"318\" \/><\/td>\n<td style=\"width: 50%; height: 149px; text-align: center; vertical-align: top;\"><img loading=\"lazy\" class=\"alignnone wp-image-35954 size-full\" src=\"https:\/\/apreis.eu\/apreis\/wp-content\/uploads\/2-Silver-Award-Certificate-SCPY-DOC-STILL-DIGGING-e1677963034785.jpg\" alt=\"\" width=\"412\" height=\"318\" \/><\/td>\n<\/tr>\n<\/tbody>\n<\/table>\n<\/div>\n<div>\u00a0<\/div>\n<\/div>\n<\/div>\n<\/div>\n<\/div>\n<div id=\"panel-995-0-0-0\" class=\"so-panel widget widget_black-studio-tinymce widget_black_studio_tinymce panel-first-child panel-last-child\" style=\"text-align: center;\" data-index=\"0\" data-style=\"{&quot;background_image_attachment&quot;:false,&quot;background_display&quot;:&quot;tile&quot;}\">\u00a0<\/div>\n<\/div>\n<\/div>\n<\/div>\n<\/div>\n<div id=\"pl-995\" class=\"panel-layout\">\n<div id=\"pg-995-0\" class=\"panel-grid panel-has-style\" data-style=\"{&quot;padding&quot;:&quot;2px&quot;,&quot;background_image_attachment&quot;:false,&quot;background_display&quot;:&quot;tile&quot;,&quot;bottom_margin&quot;:&quot;0px&quot;,&quot;gutter&quot;:&quot;0px&quot;,&quot;cell_alignment&quot;:&quot;flex-start&quot;}\">\n<div class=\"panel-row-style panel-row-style-for-995-0\">\n<div id=\"pgc-995-0-0\" class=\"panel-grid-cell\" data-weight=\"1\">\n<div id=\"panel-995-0-0-0\" class=\"so-panel widget widget_black-studio-tinymce widget_black_studio_tinymce panel-first-child panel-last-child\" style=\"text-align: center;\" data-index=\"0\" data-style=\"{&quot;background_image_attachment&quot;:false,&quot;background_display&quot;:&quot;tile&quot;}\">\n<div class=\"textwidget\" style=\"text-align: center;\">\n<div class=\"textwidget\" style=\"text-align: center;\">\n<table style=\"border-collapse: collapse; width: 100%; height: 77px;\">\n<tbody>\n<tr style=\"height: 96px;\">\n<td style=\"width: 50%; height: 77px;\"><img loading=\"lazy\" class=\"alignnone size-medium wp-image-36068\" src=\"https:\/\/apreis.eu\/apreis\/wp-content\/uploads\/2Sun-wordl-india-1-225x300.jpg\" alt=\"\" width=\"225\" height=\"300\" \/><\/td>\n<td style=\"width: 50%; height: 77px; text-align: center; vertical-align: middle;\"><img loading=\"lazy\" class=\"alignnone wp-image-36069 size-full\" src=\"https:\/\/apreis.eu\/apreis\/wp-content\/uploads\/Indes-winner.JPG-e1677768929234.png\" alt=\"\" width=\"429\" height=\"246\" \/><\/td>\n<\/tr>\n<\/tbody>\n<\/table>\n<p><span style=\"color: #000000; font-size: 8px;\">Announced on February 2023<\/span><\/p>\n<p><img loading=\"lazy\" class=\"alignnone wp-image-36113 size-full\" src=\"https:\/\/apreis.eu\/apreis\/wp-content\/uploads\/AUTRE-Award-winner-FUIFF-1-1-e1678824838868.png\" alt=\"\" width=\"389\" height=\"214\" \/><\/p>\n<p><img loading=\"lazy\" class=\"alignnone size-full wp-image-36114\" src=\"https:\/\/apreis.eu\/apreis\/wp-content\/uploads\/BRNO-selection-officielle-1-300x199-1.png\" alt=\"\" width=\"300\" height=\"199\" \/><img loading=\"lazy\" class=\"alignnone size-full wp-image-36115\" src=\"https:\/\/apreis.eu\/apreis\/wp-content\/uploads\/OFFICIAL-SELECTION-ARAVALI-FEVRIER-300x199-1.png\" alt=\"\" width=\"300\" height=\"199\" \/><\/p>\n<p><img loading=\"lazy\" class=\"alignnone size-medium wp-image-36109\" src=\"https:\/\/apreis.eu\/apreis\/wp-content\/uploads\/netSOFIA-LAURIER-300x214.png\" alt=\"\" width=\"300\" height=\"214\" \/><\/p>\n<p><img loading=\"lazy\" class=\"alignnone wp-image-36105 size-full\" src=\"https:\/\/apreis.eu\/apreis\/wp-content\/uploads\/award-SOFIACapture-e1677919038143.jpg\" alt=\"\" width=\"611\" height=\"469\" \/><\/p>\n<p><span style=\"font-size: 8px;\"><br \/>\nAnnounced on April\u00a0 2023<\/span><\/p>\n<p><img loading=\"lazy\" class=\"wp-image-36327 size-full aligncenter\" src=\"https:\/\/apreis.eu\/apreis\/wp-content\/uploads\/Official-selection-laurel-ICONIC-e1680601944501.png\" alt=\"\" width=\"300\" height=\"199\" \/><\/p>\n<p><img loading=\"lazy\" class=\"alignnone wp-image-37396 size-full\" src=\"https:\/\/apreis.eu\/enapreis\/wp-content\/uploads\/2024\/04\/BARCELONE-2023-BEST-MALE-DIRECTOR-BEST-FEATURE-DOCUMENTARY-1.png\" alt=\"\" width=\"595\" height=\"395\" srcset=\"https:\/\/apreis.eu\/enapreis\/wp-content\/uploads\/2024\/04\/BARCELONE-2023-BEST-MALE-DIRECTOR-BEST-FEATURE-DOCUMENTARY-1.png 595w, https:\/\/apreis.eu\/enapreis\/wp-content\/uploads\/2024\/04\/BARCELONE-2023-BEST-MALE-DIRECTOR-BEST-FEATURE-DOCUMENTARY-1-300x199.png 300w, https:\/\/apreis.eu\/enapreis\/wp-content\/uploads\/2024\/04\/BARCELONE-2023-BEST-MALE-DIRECTOR-BEST-FEATURE-DOCUMENTARY-1-272x182.png 272w\" sizes=\"(max-width: 595px) 100vw, 595px\" \/><\/p>\n<\/div>\n<\/div>\n<\/div>\n<\/div>\n<\/div>\n<\/div>\n<\/div>\n<p>&nbsp;<\/p>\n<table style=\"border-collapse: collapse; width: 100%; height: 122px;\">\n<tbody>\n<tr style=\"height: 122px;\">\n<td style=\"width: 50%; height: 122px;\"><img loading=\"lazy\" class=\"alignnone wp-image-36206 size-full\" src=\"https:\/\/apreis.eu\/apreis\/wp-content\/uploads\/BEST-SCREENPLAY-KRIMSON-e1678833858662.png\" alt=\"\" width=\"389\" height=\"222\" \/><\/td>\n<td style=\"width: 50%; height: 122px;\"><img loading=\"lazy\" class=\"alignnone wp-image-36207 size-full\" src=\"https:\/\/apreis.eu\/apreis\/wp-content\/uploads\/BEST-DIRECTOR-KRIMSON-e1678834095453.png\" alt=\"\" width=\"389\" height=\"219\" \/><\/td>\n<\/tr>\n<\/tbody>\n<\/table>\n<div id=\"pl-995\" class=\"panel-layout\">\n<div id=\"pg-995-0\" class=\"panel-grid panel-has-style\" data-style=\"{&quot;padding&quot;:&quot;2px&quot;,&quot;background_image_attachment&quot;:false,&quot;background_display&quot;:&quot;tile&quot;,&quot;bottom_margin&quot;:&quot;0px&quot;,&quot;gutter&quot;:&quot;0px&quot;,&quot;cell_alignment&quot;:&quot;flex-start&quot;}\">\n<div class=\"panel-row-style panel-row-style-for-995-0\">\n<div id=\"pgc-995-0-0\" class=\"panel-grid-cell\" data-weight=\"1\">\n<div id=\"panel-995-0-0-0\" class=\"so-panel widget widget_black-studio-tinymce widget_black_studio_tinymce panel-first-child panel-last-child\" style=\"text-align: center;\" data-index=\"0\" data-style=\"{&quot;background_image_attachment&quot;:false,&quot;background_display&quot;:&quot;tile&quot;}\">\n<div class=\"textwidget\" style=\"text-align: center;\">\n<div class=\"textwidget\" style=\"text-align: center;\">\n<p><img loading=\"lazy\" class=\"alignnone wp-image-36209 size-full\" src=\"https:\/\/apreis.eu\/apreis\/wp-content\/uploads\/BEST-DOCUMENTARY-KRIMSON-e1678834072935.png\" alt=\"\" width=\"389\" height=\"222\" \/><\/p>\n<p><span style=\"font-family: georgia, palatino, serif; font-size: 24px;\"><strong><img loading=\"lazy\" class=\"alignnone wp-image-36164 size-full\" src=\"https:\/\/apreis.eu\/apreis\/wp-content\/uploads\/Official-selection-laurel-Kiev-e1678665311557.png\" alt=\"\" width=\"429\" height=\"234\" \/><br \/>\n<\/strong><\/span><\/p>\n<p><span style=\"font-size: 8px;\">Announced on April 2023<\/span><\/p>\n<\/div>\n<table style=\"border-collapse: collapse; width: 100%; height: 10px;\">\n<tbody>\n<tr style=\"height: 56px;\">\n<td style=\"width: 60.2962%; height: 10px; text-align: center; vertical-align: middle;\"><img loading=\"lazy\" class=\"alignnone wp-image-36330 size-full\" src=\"https:\/\/apreis.eu\/apreis\/wp-content\/uploads\/selection-officielle-coeur-budapest-e1680602181822.jpg\" alt=\"\" width=\"511\" height=\"193\" \/><\/td>\n<td style=\"width: 39.7038%; height: 10px; text-align: center; vertical-align: top;\"><img loading=\"lazy\" class=\"alignnone wp-image-36329 size-full\" src=\"https:\/\/apreis.eu\/apreis\/wp-content\/uploads\/Official-selection-laurel-BUDAPEST-e1680602144433.png\" alt=\"\" width=\"300\" height=\"199\" \/><\/td>\n<\/tr>\n<\/tbody>\n<\/table>\n<\/div>\n<\/div>\n<table style=\"border-collapse: collapse; width: 100%; height: 170px;\">\n<tbody>\n<tr style=\"height: 170px;\">\n<td style=\"width: 40.9731%; height: 170px;\"><img loading=\"lazy\" class=\"alignnone wp-image-36344 size-full\" src=\"https:\/\/apreis.eu\/apreis\/wp-content\/uploads\/bisANATOLIA-Official-selection-laurel-e1681202140297.png\" alt=\"\" width=\"311\" height=\"206\" \/><\/td>\n<td style=\"width: 59.0269%; height: 170px;\"><img loading=\"lazy\" class=\"alignnone size-full wp-image-36340\" src=\"https:\/\/apreis.eu\/apreis\/wp-content\/uploads\/ANATOLIA-selection-officielle-coeur-e1681201304404.jpg\" alt=\"\" width=\"511\" height=\"195\" \/><\/td>\n<\/tr>\n<\/tbody>\n<\/table>\n<\/div>\n<\/div>\n<table style=\"border-collapse: collapse; width: 100%; height: 178px;\">\n<tbody>\n<tr style=\"height: 178px;\">\n<td style=\"width: 50%; height: 178px;\"><img loading=\"lazy\" class=\"alignnone wp-image-36526 size-full\" src=\"https:\/\/apreis.eu\/apreis\/wp-content\/uploads\/BISDOCUMENTARY-WINNER-INDIA-cine-tube-laurel-e1681784694360.png\" alt=\"\" width=\"389\" height=\"220\" \/><\/td>\n<td style=\"width: 50%; height: 178px;\"><img loading=\"lazy\" class=\"alignnone wp-image-36525 size-full\" src=\"https:\/\/apreis.eu\/apreis\/wp-content\/uploads\/BISMUSIC-WINNER-INDIA-cine-tube-laurel-e1681784712750.png\" alt=\"\" width=\"389\" height=\"224\" \/><\/td>\n<\/tr>\n<\/tbody>\n<\/table>\n<div class=\"panel-row-style panel-row-style-for-995-0\">\n<div id=\"pgc-995-0-0\" class=\"panel-grid-cell\" data-weight=\"1\">\n<div id=\"panel-995-0-0-0\" class=\"so-panel widget widget_black-studio-tinymce widget_black_studio_tinymce panel-first-child panel-last-child\" style=\"text-align: center;\" data-index=\"0\" data-style=\"{&quot;background_image_attachment&quot;:false,&quot;background_display&quot;:&quot;tile&quot;}\">\n<p><span style=\"font-size: 8px;\">Announced on June 2023<\/span><\/p>\n<\/div>\n<\/div>\n<\/div>\n<\/div>\n<\/div>\n<p><img loading=\"lazy\" class=\"wp-image-36698 size-full aligncenter\" src=\"https:\/\/apreis.eu\/apreis\/wp-content\/uploads\/der-honorable-mention-migration-1-e1694046797450.png\" alt=\"\" width=\"389\" height=\"203\" \/><\/p>\n<div id=\"pl-995\" class=\"panel-layout\">\n<div id=\"pg-995-0\" class=\"panel-grid panel-has-style\" data-style=\"{&quot;padding&quot;:&quot;2px&quot;,&quot;background_image_attachment&quot;:false,&quot;background_display&quot;:&quot;tile&quot;,&quot;bottom_margin&quot;:&quot;0px&quot;,&quot;gutter&quot;:&quot;0px&quot;,&quot;cell_alignment&quot;:&quot;flex-start&quot;}\">\n<div class=\"panel-row-style panel-row-style-for-995-0\">\n<div id=\"pgc-995-0-0\" class=\"panel-grid-cell\" data-weight=\"1\">\n<div id=\"panel-995-0-0-0\" class=\"so-panel widget widget_black-studio-tinymce widget_black_studio_tinymce panel-first-child panel-last-child\" style=\"text-align: center;\" data-index=\"0\" data-style=\"{&quot;background_image_attachment&quot;:false,&quot;background_display&quot;:&quot;tile&quot;}\">\n<div class=\"textwidget\" style=\"text-align: center;\">\n<div class=\"textwidget\" style=\"text-align: center;\">\n<p>&nbsp;<\/p>\n<p><img loading=\"lazy\" class=\"alignnone wp-image-36705 size-full\" src=\"https:\/\/apreis.eu\/apreis\/wp-content\/uploads\/CERTIFICATE-TORONTO-SO-STILL-DIGGING-scaled-e1694422452433.jpg\" alt=\"\" width=\"449\" height=\"317\" \/><\/p>\n<p>&nbsp;<\/p>\n<p><span style=\"font-size: 8px;\">Announced on October 2023<\/span><\/p>\n<p><img loading=\"lazy\" class=\"alignnone wp-image-37363 size-medium\" src=\"https:\/\/apreis.eu\/enapreis\/wp-content\/uploads\/2023\/11\/david-best-director-jpg-300x199.jpg\" alt=\"\" width=\"300\" height=\"199\" srcset=\"https:\/\/apreis.eu\/enapreis\/wp-content\/uploads\/2023\/11\/david-best-director-jpg-300x199.jpg 300w, https:\/\/apreis.eu\/enapreis\/wp-content\/uploads\/2023\/11\/david-best-director-jpg.jpg 595w\" sizes=\"(max-width: 300px) 100vw, 300px\" \/><img loading=\"lazy\" class=\"alignnone size-medium wp-image-37364\" src=\"https:\/\/apreis.eu\/enapreis\/wp-content\/uploads\/2023\/11\/david-best-doc-1-300x199.jpg\" alt=\"\" width=\"300\" height=\"199\" srcset=\"https:\/\/apreis.eu\/enapreis\/wp-content\/uploads\/2023\/11\/david-best-doc-1-300x199.jpg 300w, https:\/\/apreis.eu\/enapreis\/wp-content\/uploads\/2023\/11\/david-best-doc-1.jpg 595w\" sizes=\"(max-width: 300px) 100vw, 300px\" \/><\/p>\n<p><img loading=\"lazy\" class=\"alignnone size-medium wp-image-37365\" src=\"https:\/\/apreis.eu\/enapreis\/wp-content\/uploads\/2023\/11\/david-best-drama--300x199.jpg\" alt=\"\" width=\"300\" height=\"199\" srcset=\"https:\/\/apreis.eu\/enapreis\/wp-content\/uploads\/2023\/11\/david-best-drama--300x199.jpg 300w, https:\/\/apreis.eu\/enapreis\/wp-content\/uploads\/2023\/11\/david-best-drama-.jpg 595w\" sizes=\"(max-width: 300px) 100vw, 300px\" \/><\/p>\n<p><span style=\"font-size: 8px;\">Announced on November 2023<\/span><\/p>\n<p><img loading=\"lazy\" class=\"alignnone wp-image-37368 size-medium\" src=\"https:\/\/apreis.eu\/enapreis\/wp-content\/uploads\/2023\/11\/NEW-WAVE-BERLIN-13-NOV-300x199.jpg\" alt=\"\" width=\"300\" height=\"199\" srcset=\"https:\/\/apreis.eu\/enapreis\/wp-content\/uploads\/2023\/11\/NEW-WAVE-BERLIN-13-NOV-300x199.jpg 300w, https:\/\/apreis.eu\/enapreis\/wp-content\/uploads\/2023\/11\/NEW-WAVE-BERLIN-13-NOV.jpg 595w\" sizes=\"(max-width: 300px) 100vw, 300px\" \/><\/p>\n<p><img loading=\"lazy\" class=\"alignnone wp-image-37367 size-medium\" src=\"https:\/\/apreis.eu\/enapreis\/wp-content\/uploads\/2023\/11\/MARSEILLE-13-NOV-300x199.png\" alt=\"\" width=\"300\" height=\"199\" srcset=\"https:\/\/apreis.eu\/enapreis\/wp-content\/uploads\/2023\/11\/MARSEILLE-13-NOV-300x199.png 300w, https:\/\/apreis.eu\/enapreis\/wp-content\/uploads\/2023\/11\/MARSEILLE-13-NOV.png 595w\" sizes=\"(max-width: 300px) 100vw, 300px\" \/>\u00a0<\/p>\n<p><img loading=\"lazy\" class=\"alignnone wp-image-37378 size-medium\" src=\"https:\/\/apreis.eu\/enapreis\/wp-content\/uploads\/2023\/11\/AVEC-PAINT-DER-FINAL-PAINT-PARIS-modern-e1700849788365-300x170.jpg\" alt=\"\" width=\"300\" height=\"170\" srcset=\"https:\/\/apreis.eu\/enapreis\/wp-content\/uploads\/2023\/11\/AVEC-PAINT-DER-FINAL-PAINT-PARIS-modern-e1700849788365-300x170.jpg 300w, https:\/\/apreis.eu\/enapreis\/wp-content\/uploads\/2023\/11\/AVEC-PAINT-DER-FINAL-PAINT-PARIS-modern-e1700849788365.jpg 420w\" sizes=\"(max-width: 300px) 100vw, 300px\" \/><\/p>\n<p><img loading=\"lazy\" class=\"alignnone wp-image-37560\" src=\"https:\/\/apreis.eu\/enapreis\/wp-content\/uploads\/2026\/02\/AWARD-WINNER-GENEVA-2026-1-300x199.png\" alt=\"\" width=\"400\" height=\"266\" srcset=\"https:\/\/apreis.eu\/enapreis\/wp-content\/uploads\/2026\/02\/AWARD-WINNER-GENEVA-2026-1-300x199.png 300w, https:\/\/apreis.eu\/enapreis\/wp-content\/uploads\/2026\/02\/AWARD-WINNER-GENEVA-2026-1-272x182.png 272w, https:\/\/apreis.eu\/enapreis\/wp-content\/uploads\/2026\/02\/AWARD-WINNER-GENEVA-2026-1.png 595w\" sizes=\"(max-width: 400px) 100vw, 400px\" \/><\/p>\n<p>&nbsp;<\/p>\n<p><span style=\"font-family: georgia, palatino, serif; font-size: 24px;\"><strong>SYNOPSIS<\/strong><\/span><\/p>\n<p style=\"text-align: justify;\">Camille, a young French climatologist, has a string of research contracts at the French National Center for Scientific Research. But understanding how the climate itself works and only drawing curves announcing future catastrophes on a screen are no longer enough for her. She decides to get closer to the lands and the peoples, all as far away as close to her research laboratory.<br \/>\nThe journey she undertakes in China, Polynesia, Mali, and Ile de France where her laboratory is located, will allow her to discover that solutions to the climate crisis already exist. She will then be led to make a personal decision, unexpected but logical. <span style=\"font-family: tahoma, arial, helvetica, sans-serif; font-size: 12px;\">\u00a0 \u00a0<a href=\"https:\/\/apreis.eu\/apreis\/wp-content\/uploads\/Brief%20ATT-uptaded-2026.pdf\"><span style=\"color: #0000ff;\"><strong>READ\u00a0 MORE<\/strong><\/span><\/a><\/span><\/p>\n<\/div>\n<\/div>\n<\/div>\n<\/div>\n<\/div>\n<\/div>\n<\/div>\n<div id=\"pl-995\" class=\"panel-layout\">\n<div id=\"pg-995-0\" class=\"panel-grid panel-has-style\" data-style=\"{&quot;padding&quot;:&quot;2px&quot;,&quot;background_image_attachment&quot;:false,&quot;background_display&quot;:&quot;tile&quot;,&quot;bottom_margin&quot;:&quot;0px&quot;,&quot;gutter&quot;:&quot;0px&quot;,&quot;cell_alignment&quot;:&quot;flex-start&quot;}\">\n<div class=\"panel-row-style panel-row-style-for-995-0\">\n<div id=\"pgc-995-0-0\" class=\"panel-grid-cell\" data-weight=\"1\">\n<div id=\"panel-995-0-0-0\" class=\"so-panel widget widget_black-studio-tinymce widget_black_studio_tinymce panel-first-child panel-last-child\" style=\"text-align: center;\" data-index=\"0\" data-style=\"{&quot;background_image_attachment&quot;:false,&quot;background_display&quot;:&quot;tile&quot;}\">\n<div class=\"textwidget\" style=\"text-align: center;\">\n<div class=\"textwidget\" style=\"text-align: center;\">\n<div id=\"pl-995\" class=\"panel-layout\">\n<div id=\"pg-995-0\" class=\"panel-grid panel-has-style\" data-style=\"{&quot;padding&quot;:&quot;2px&quot;,&quot;background_image_attachment&quot;:false,&quot;background_display&quot;:&quot;tile&quot;,&quot;bottom_margin&quot;:&quot;0px&quot;,&quot;gutter&quot;:&quot;0px&quot;,&quot;cell_alignment&quot;:&quot;flex-start&quot;}\">\n<div class=\"panel-row-style panel-row-style-for-995-0\">\n<div id=\"pgc-995-0-0\" class=\"panel-grid-cell\" data-weight=\"1\">\n<div id=\"panel-995-0-0-0\" class=\"so-panel widget widget_black-studio-tinymce widget_black_studio_tinymce panel-first-child panel-last-child\" style=\"text-align: center;\" data-index=\"0\" data-style=\"{&quot;background_image_attachment&quot;:false,&quot;background_display&quot;:&quot;tile&quot;}\">\n<div id=\"pg-995-1\" class=\"panel-grid panel-has-style\" data-style=\"{&quot;padding&quot;:&quot;2px&quot;,&quot;background_image_attachment&quot;:false,&quot;background_display&quot;:&quot;tile&quot;,&quot;bottom_margin&quot;:&quot;0px&quot;,&quot;gutter&quot;:&quot;0px&quot;,&quot;cell_alignment&quot;:&quot;flex-start&quot;}\">\n<div class=\"panel-row-style panel-row-style-for-995-1\">\n<div id=\"pgc-995-1-0\" class=\"panel-grid-cell\" data-weight=\"1\">\n<div id=\"panel-995-1-0-0\" class=\"so-panel widget widget_black-studio-tinymce widget_black_studio_tinymce panel-first-child panel-last-child\" data-index=\"1\" data-style=\"{&quot;background_image_attachment&quot;:false,&quot;background_display&quot;:&quot;tile&quot;,&quot;link_color&quot;:&quot;#000000&quot;}\">\n<div class=\"textwidget\">\n<div class=\"apreis-article\" style=\"text-align: center;\">\n<p>&nbsp;<\/p>\n<\/div>\n<div class=\"apreis-article\" style=\"text-align: center;\">\n<p><a href=\"https:\/\/apreis.eu\/apreis\/wp-content\/uploads\/2015\/01\/pont-panta-e1494091557444.jpg\"><img loading=\"lazy\" class=\"size-full wp-image-1033 aligncenter\" src=\"https:\/\/apreis.eu\/apreis\/wp-content\/uploads\/2015\/01\/pont-panta-e1494091557444.jpg\" alt=\"\" width=\"586\" height=\"458\" \/><\/a><\/p>\n<p><span style=\"font-size: 24px; color: #000000;\"><strong><br \/>\n<span style=\"font-size: 24px; color: #000000;\"><span style=\"font-family: tahoma, arial, helvetica, sans-serif;\">What sustainable development means<\/span><\/span><\/strong><\/span><\/p>\n<p><span style=\"font-size: 24px; color: #000000;\"><strong><span style=\"font-size: 24px;\"> <em><span style=\"font-family: tahoma, arial, helvetica, sans-serif;\">the link the linked the linking<\/span><\/em><\/span><\/strong><\/span><\/p>\n<\/div>\n<div class=\"apreis-article\">\n<p style=\"text-align: justify;\"><span style=\"color: #000000;\"><span style=\"font-size: 12px; font-family: tahoma, arial, helvetica, sans-serif;\">The concept of sustainability opens a new sphere of operation and study: the link, the linked and the linking . Then it introduces a new subject of science and simultaneously induces the notion of borderlines in development which are required and organized for maintaining the link. It invites us to reconsider the various branches of knowledge, the dominating idea of work specialization, the partition of knowledge and the prevalence of vertical organizations. It suggests us to keep away from methodological individualism, economical insularity, and specialized demands which are needed for rebuilding, through a interdisciplinary approach, the concept of development, and binding together science, politics and ethic.<br \/>\n<\/span><\/span><span style=\"color: #000000;\"><span style=\"font-size: 12px; font-family: tahoma, arial, helvetica, sans-serif;\">It calls for a questioning of disciplinary sharing, the dominant idea of work specialisation, the compartmentalization of knowledge and the prevalence of organisational verticalities, and it calls for a local-to-local eco-linking economy.<\/span><span style=\"font-size: 12px; font-family: tahoma, arial, helvetica, sans-serif;\">\u00a0<a href=\"https:\/\/apreis.eu\/apreis\/wp-content\/uploads\/2015\/01\/dayan-avisexpert_ev.pdf\" target=\"_blank\" rel=\"noopener noreferrer\"><strong>Read more<\/strong><\/a><\/span><\/span><\/p>\n<\/div>\n<div class=\"leading-0\">\n<div class=\"apreis-box apreis-post\">\n<div class=\"apreis-box-body apreis-post-body\">\n<div class=\"apreis-post-inner\">\n<div class=\"apreis-postcontent\">\n<div class=\"apreis-article\">\n<p style=\"text-align: justify;\"><span style=\"font-size: 10px;\"><span style=\"color: #008000;\"><a style=\"color: #008000;\" href=\"https:\/\/apreis.eu\/apreis\/wp-content\/uploads\/2015\/01\/dayan-avisexpert.doc.vp_.pdf\" target=\"_blank\" rel=\"noopener noreferrer\"><span style=\"color: #008000; font-family: tahoma, arial, helvetica, sans-serif;\"><strong>Que sustentabilidade\u00a0quer dizer<\/strong>:\u00a0<\/span><strong><span style=\"color: #008080;\"><span style=\"font-family: tahoma, arial, helvetica, sans-serif;\"><span style=\"color: #008000;\">a\u00a0liga\u00e7\u00e3o a\u00a0ligado a\u00a0ligante<\/span><br \/>\n<\/span><\/span><\/strong><\/a><\/span><\/span><span style=\"color: #333399; font-size: 10px;\"><a style=\"color: #333399;\" href=\"https:\/\/apreis.eu\/apreis\/wp-content\/uploads\/2017\/02\/day-avisexpert_ver.ital_.pdf\" target=\"_blank\" rel=\"noopener noreferrer\"><strong><span class=\"Style44\">Ci\u00f2 che lo sviluppo sostenibile vuole significar<\/span> : <\/strong><\/a><strong><a style=\"color: #333399;\" href=\"\/docs\/day-avisexpert_ver.ital.pdf\" target=\"_blank\" rel=\"noopener noreferrer\">il Collegam<\/a><\/strong><strong><a style=\"color: #333399;\" href=\"\/docs\/day-avisexpert_ver.ital.pdf\" target=\"_blank\" rel=\"noopener noreferrer\">ento \u00a0il Colleg<\/a><\/strong><strong><a style=\"color: #333399;\" href=\"\/docs\/day-avisexpert_ver.ital.pdf\" target=\"_blank\" rel=\"noopener noreferrer\">ato<\/a><\/strong><strong><a style=\"color: #333399;\" href=\"\/docs\/day-avisexpert_ver.ital.pdf\" target=\"_blank\" rel=\"noopener noreferrer\"> il Collegan<\/a><\/strong><em><strong><a style=\"color: #333399;\" href=\"\/docs\/day-avisexpert_ver.ital.pdf\" target=\"_blank\" rel=\"noopener noreferrer\">te<\/a><\/strong><\/em><\/span><\/p>\n<\/div>\n<\/div>\n<\/div>\n<\/div>\n<\/div>\n<\/div>\n<p>&nbsp;<\/p>\n<p style=\"text-align: center;\"><span style=\"font-size: 24px; font-family: tahoma, arial, helvetica, sans-serif; color: #000000;\"><strong><span style=\"font-size: 24px; font-family: tahoma, arial, helvetica, sans-serif;\">The Climate, a new &#8230; human science?<\/span><\/strong><\/span><\/p>\n<p style=\"text-align: center;\">\u00a0<\/p>\n<p style=\"text-align: center;\"><span style=\"font-size: 20px;\"><strong><span style=\"font-family: tahoma, arial, helvetica, sans-serif; color: #d65656;\"><span style=\"font-size: 16px;\"><img loading=\"lazy\" class=\"aligncenter size-medium wp-image-322\" src=\"https:\/\/apreis.eu\/apreis\/wp-content\/uploads\/2014\/12\/oiseauparadis-300x209.jpg\" alt=\"\" width=\"300\" height=\"209\" srcset=\"https:\/\/apreis.eu\/enapreis\/wp-content\/uploads\/2014\/12\/oiseauparadis-300x209.jpg 300w, https:\/\/apreis.eu\/enapreis\/wp-content\/uploads\/2014\/12\/oiseauparadis-150x105.jpg 150w, https:\/\/apreis.eu\/enapreis\/wp-content\/uploads\/2014\/12\/oiseauparadis.jpg 371w\" sizes=\"(max-width: 300px) 100vw, 300px\" \/><\/span><\/span><\/strong><\/span><\/p>\n<p style=\"text-align: center;\"><span style=\"font-size: 20px;\"><strong><span style=\"font-family: tahoma, arial, helvetica, sans-serif; color: #d65656;\"><span style=\"font-size: 16px;\">El Clima, una nueva ciencia humana?<\/span><br \/>\n<\/span><\/strong><\/span><span style=\"color: #008000; font-family: tahoma, arial, helvetica, sans-serif; font-size: 16px;\"><strong>O Clima,\u00a0uma nova ci\u00eancia humana?<\/strong><\/span><\/p>\n<p>&nbsp;<\/p>\n<p style=\"text-align: justify;\"><span style=\"color: #000080;\"><strong style=\"color: #cc0e3b;\"><span class=\"txs\"><span class=\"p\"><span class=\"gb\"><span class=\"fr\"><span class=\"titrs\"><a style=\"color: #000080;\" href=\"https:\/\/apreis.eu\/apreis\/wp-content\/uploads\/2016\/12\/El-nino-Com_Hugo-Dayan.pdf\" target=\"_blank\" rel=\"noopener noreferrer\">EL NI\u00d1O : Tensions between &#8220;natural&#8221; and &#8220;anthropogenic&#8221; forces<\/a><\/span><\/span><\/span><\/span><\/span><\/strong><\/span><\/p>\n<p style=\"text-align: justify;\"><span style=\"color: #000000;\"><span style=\"font-family: tahoma, arial, helvetica, sans-serif; font-size: 12px;\">Localis\u00e9 dans le Pacifique tropical, r\u00e9sultat de processus interactifs locaux naturels entre l&#8217;oc\u00e9an\u00a0<\/span><span style=\"font-family: tahoma, arial, helvetica, sans-serif; font-size: 12px;\">et l&#8217;atmosph\u00e8re et influen\u00e7ant, via des ponts atmosph\u00e9riques, les r\u00e9gions ext\u00e9rieures au Pacifique\u00a0<\/span><span style=\"font-family: tahoma, arial, helvetica, sans-serif; font-size: 12px;\">tropical, El Ni\u00f1o est un ph\u00e9nom\u00e8ne climatique global et local, dont l&#8217;impact plan\u00e9taire fait de sa\u00a0<\/span><span style=\"font-family: tahoma, arial, helvetica, sans-serif; font-size: 12px;\">gen\u00e8se et de sa pr\u00e9vision un enjeu \u00e9pist\u00e9mique, \u00e9thique et pratique<\/span><span style=\"font-family: tahoma, arial, helvetica, sans-serif; font-size: 12px;\">. Indissociable de la composante anthropique\u00a0qui alt\u00e8re les interactions\u00a0<span style=\"font-family: tahoma, arial, helvetica, sans-serif; font-size: 12px;\">naturelles entre les diff\u00e9rentes composantes climatiques<\/span><span style=\"font-family: tahoma, arial, helvetica, sans-serif; font-size: 12px;\">, le<\/span>\u00a0sort de la science du climat\u00a0<\/span><span style=\"font-family: tahoma, arial, helvetica, sans-serif; font-size: 12px;\">pourrait \u00eatre tributaire de sa capacit\u00e9 \u00e0 int\u00e9grer conceptuellement dans son objet l&#8217;incertitude et la complexit\u00e9 que la composante humaine\u00a0ajoute au\u00a0syst\u00e8me naturel. Cette science pourrait donc d\u00e9pendre de sa capacit\u00e9\u00a0\u00e0\u00a0<\/span><span style=\"font-family: tahoma, arial, helvetica, sans-serif; font-size: 12px;\">porter attention \u00e0 ses articulations interdisciplinaires, \u00e0 stimuler la culture scientifique transversale et \u00e0\u00a0permettre au<\/span><span style=\"font-family: tahoma, arial, helvetica, sans-serif; font-size: 12px;\">\u00a0 citoyen \u00a0d&#8217; y participer (Hugo Dayan). <strong><a href=\"https:\/\/apreis.eu\/apreis\/wp-content\/uploads\/2016\/12\/El-nino-Com_Hugo-Dayan.pdf\" target=\"_blank\" rel=\"noopener noreferrer\">Read More\u00a0<\/a><\/strong><\/span><\/span><\/p>\n<p><span style=\"font-size: 10px;\"><b class=\"b5\"><span style=\"color: #993300;\"><a style=\"color: #993300;\" href=\"https:\/\/www.cairn-int.info\/abstract-E_COMMU_095_0131--el-ni.htm\" target=\"_blank\" rel=\"noopener noreferrer\"><strong><span style=\"font-family: tahoma, arial, helvetica, sans-serif;\">EL NI\u00d1O : Tensions beetwen &#8220;N<\/span><\/strong><\/a><span style=\"font-family: tahoma, arial, helvetica, sans-serif;\"><span style=\"color: #993300;\"><a style=\"color: #993300;\" href=\"https:\/\/www.cairn-int.info\/abstract-E_COMMU_095_0131--el-ni.htm\" target=\"_blank\" rel=\"noopener noreferrer\">atural&#8221; Strengths and &#8220;Anthropologenic&#8221; Strengths<\/a><\/span><br \/>\n<\/span><\/span><\/b><a href=\"https:\/\/dialnet.unirioja.es\/servlet\/articulo?codigo=4898959\" target=\"_blank\" rel=\"noopener noreferrer\"><span style=\"color: #cc0e3b; font-family: tahoma, arial, helvetica, sans-serif;\"><strong><span style=\"color: #d65656;\"><b class=\"b5\">EL NI\u00d1O\u00a0<\/b>: Tensiones entre fuerzas &#8220;naturales&#8221; y fuerzas &#8220;antropol\u00f3gicas<\/span><br \/>\n<\/strong><\/span><\/a><\/span><span style=\"font-size: 10px; font-family: tahoma, arial, helvetica, sans-serif; color: #008000;\"><strong><span class=\"txs\"><span class=\"p\"><span class=\"gb\"><span class=\"fr\"><span class=\"titrs\">EL NI\u00d1O : Tens\u00f5es entre forcas &#8220;naturais&#8221; e\u00a0for\u00e7as &#8220;antr\u00f3picas&#8221;<\/span><\/span><\/span><\/span><\/span><\/strong><\/span><\/p>\n<\/div>\n<\/div>\n<\/div>\n<\/div>\n<\/div>\n<p>&nbsp;<\/p>\n<p style=\"text-align: center;\"><span style=\"font-family: tahoma, arial, helvetica, sans-serif; font-size: 24px;\"><strong>\u00a0Finance and climate science: Worlds apart ?<\/strong><\/span><\/p>\n<p>&nbsp;<\/p>\n<p><img loading=\"lazy\" class=\"alignnone wp-image-36091 size-full\" src=\"https:\/\/apreis.eu\/apreis\/wp-content\/uploads\/DSC01866-1-e1677775470356.jpg\" alt=\"\" width=\"481\" height=\"321\" \/><\/p>\n<p>&nbsp;<\/p>\n<p style=\"text-align: justify;\"><span style=\"font-family: tahoma, arial, helvetica, sans-serif; font-size: 12px;\">There is growing interest in the impact of climate change on the financial system. For financial institutions, the development of knowledge specific to climate risks requires collaboration with the academic sphere, and in particular with climate scientists. However, five years after the Paris agreement, such collaborations are scarce. Through a compared analysis of the perception and management of climate risks by financial risk managers and climate scientists, we seek to understand how different risk perceptions can be an obstacle to collaboration between these two social groups. To this end, we adopt an interdisciplinary approach based on the results of semi-structured interviews. We identify two types of differences that constitute obstacles: differences in\u00a0<i>valuation<\/i>, linked to the perception of the climate threat and the vulnerability of the financial system, and differences in the\u00a0<i>construction of a relationship of risk<\/i>, related to the modelling, organisation and communication of risk and uncertainty. (V. Bouchet, H. Dayan, C. Contoux).<\/span> <span style=\"font-family: tahoma, arial, helvetica, sans-serif; font-size: 12px;\"><strong><a href=\"https:\/\/doi.org\/10.1080\/13669877.2021.1913635\" target=\"_blank\" rel=\"noopener noreferrer\">Read more<\/a>\u00a0\u00a0<\/strong><\/span><\/p>\n<\/div>\n<\/div>\n<\/div>\n<p>&nbsp;<\/p>\n<div class=\"panel-row-style panel-row-style-for-995-0\">\n<div id=\"pgc-995-0-0\" class=\"panel-grid-cell\" data-weight=\"1\">\n<div id=\"panel-995-0-0-0\" class=\"so-panel widget widget_black-studio-tinymce widget_black_studio_tinymce panel-first-child panel-last-child\" style=\"text-align: center;\" data-index=\"0\" data-style=\"{&quot;background_image_attachment&quot;:false,&quot;background_display&quot;:&quot;tile&quot;}\">\n<table style=\"border-collapse: collapse; width: 100%; height: 900px;\">\n<tbody>\n<tr style=\"height: 458px;\">\n<td style=\"width: 100%; height: 458px; border-color: #e00b0b; border-style: groove;\"><a href=\"https:\/\/apreis.eu\/apreis\/wp-content\/uploads\/Eenviron-Med-1024x713-1.jpg\"><img loading=\"lazy\" class=\"alignnone wp-image-36035 size-full\" src=\"https:\/\/apreis.eu\/apreis\/wp-content\/uploads\/Eenviron-Med-1024x713-1.jpg\" alt=\"\" width=\"1024\" height=\"713\" \/><\/a><\/td>\n<\/tr>\n<tr style=\"height: 265px;\">\n<td style=\"width: 100%; height: 265px;\">\n<h1>\u00a0<\/h1>\n<h1><strong><span style=\"font-size: 24px;\">Marine heat waves in the Mediterranean Sea<\/span>\u00a0 \u00a0<\/strong><\/h1>\n<h1><strong><span style=\"font-size: 16px;\">An assessment from the surface to the subsurface to meet national needs<\/span><\/strong><\/h1>\n<p style=\"text-align: justify;\"><span style=\"font-family: tahoma, arial, helvetica, sans-serif; font-size: 12px;\">In the Mediterranean Sea, marine ecosystems and the resource-based economy are shared among many countries, making this a regional sea of important geopolitical and economic stakes. Over the last decades, marine heat waves (MHWs) in the Mediterranean Sea have caused mass-mortality events in various marine species and critical losses for seafood industries. MHWs are expected to become more intense, longer and more frequent through anthropogenic warming. This study proposes to better understand how much each Mediterranean country\u2019s Exclusive Economic Zone (EEZ) waters may be affected by MHW changes, to contribute to decision support for management and adaptation at national scale. The variability of surface and subsurface MHWs is assessed over the 1987-2019 period in the Mediterranean EEZs, which are ocean areas where sovereign states have special rights. Combining high-resolution satellite observations and a regional reanalysis, sea surface temperature and ocean heat content are used to define surface and subsurface MHWs. The MHW characteristics selected in this study highlight the important differences between surface and subsurface extreme events. MHW frequency is higher at the surface than in the subsurface and has significantly increased in most EEZs both at the surface and in the subsurface, while MHW duration is longer in the subsurface than at the surface in all EEZs. <\/span><span style=\"font-family: tahoma, arial, helvetica, sans-serif; font-size: 12px; text-align: center;\">\u00a0<em>(<\/em><em>Hugo Dayan, Ronan McAdam, M\u00e9lanie Juza, Simona Masina,\u00a0\u00a0Sabrina Speich).<\/em><a href=\"https:\/\/www.frontiersin.org\/articles\/10.3389\/fmars.2023.1045138\/full?&amp;utm_source=Email_to_authors_&amp;utm_medium=Email&amp;utm_content=T1_11.5e1_author&amp;utm_campaign=Email_publication&amp;field=&amp;journalName=Frontiers_in_Marine_Science&amp;id=1045138\" target=\"_blank\" rel=\"noopener noreferrer\"><span style=\"color: #000080;\"><strong>R<\/strong><\/span><\/a><\/span><a href=\"https:\/\/www.frontiersin.org\/articles\/10.3389\/fmars.2023.1045138\/full?&amp;utm_source=Email_to_authors_&amp;utm_medium=Email&amp;utm_content=T1_11.5e1_author&amp;utm_campaign=Email_publication&amp;field=&amp;journalName=Frontiers_in_Marine_Science&amp;id=1045138\" target=\"_blank\" rel=\"noopener noreferrer\"><span style=\"color: #000080;\"><strong style=\"font-family: tahoma, arial, helvetica, sans-serif; font-size: 12px; text-align: center;\">ead more<\/strong><\/span><\/a><\/p>\n<\/td>\n<\/tr>\n<tr style=\"height: 177px;\">\n<td style=\"width: 100%; height: 177px;\">\n<div id=\"panel-995-0-0-0\" class=\"so-panel widget widget_black-studio-tinymce widget_black_studio_tinymce panel-first-child panel-last-child\" style=\"text-align: center;\" data-index=\"0\" data-style=\"{&quot;background_image_attachment&quot;:false,&quot;background_display&quot;:&quot;tile&quot;}\"><strong style=\"font-family: tahoma, arial, helvetica, sans-serif; font-size: 24px;\"><br \/>\nMaritime Economy &amp; Environment\u00a0\u00a0 \u00a0<\/strong><\/div>\n<div id=\"panel-995-0-0-0\" class=\"so-panel widget widget_black-studio-tinymce widget_black_studio_tinymce panel-first-child panel-last-child\" style=\"text-align: center;\" data-index=\"0\" data-style=\"{&quot;background_image_attachment&quot;:false,&quot;background_display&quot;:&quot;tile&quot;}\">\n<div id=\"pg-995-1\" class=\"panel-grid panel-has-style\" data-style=\"{&quot;padding&quot;:&quot;2px&quot;,&quot;background_image_attachment&quot;:false,&quot;background_display&quot;:&quot;tile&quot;,&quot;bottom_margin&quot;:&quot;0px&quot;,&quot;gutter&quot;:&quot;0px&quot;,&quot;cell_alignment&quot;:&quot;flex-start&quot;}\">\n<div class=\"panel-row-style panel-row-style-for-995-1\">\n<div id=\"pgc-995-1-0\" class=\"panel-grid-cell\" data-weight=\"1\">\n<div id=\"panel-995-1-0-0\" class=\"so-panel widget widget_black-studio-tinymce widget_black_studio_tinymce panel-first-child panel-last-child\" data-index=\"1\" data-style=\"{&quot;background_image_attachment&quot;:false,&quot;background_display&quot;:&quot;tile&quot;,&quot;link_color&quot;:&quot;#000000&quot;}\">\n<p><a href=\"https:\/\/apreis.eu\/apreis\/wp-content\/uploads\/Mmediterranee-1.png\"><img loading=\"lazy\" class=\"alignnone wp-image-36034 size-full\" src=\"https:\/\/apreis.eu\/enapreis\/wp-content\/uploads\/2019\/04\/ama6_bis-e1458788662372-1.jpg\" alt=\"\" width=\"750\" height=\"563\" srcset=\"https:\/\/apreis.eu\/enapreis\/wp-content\/uploads\/2019\/04\/ama6_bis-e1458788662372-1.jpg 750w, https:\/\/apreis.eu\/enapreis\/wp-content\/uploads\/2019\/04\/ama6_bis-e1458788662372-1-300x225.jpg 300w\" sizes=\"(max-width: 750px) 100vw, 750px\" \/><\/a><\/p>\n<\/div>\n<\/div>\n<\/div>\n<\/div>\n<\/div>\n<\/td>\n<\/tr>\n<\/tbody>\n<\/table>\n<\/div>\n<\/div>\n<\/div>\n<\/div>\n<\/div>\n<\/div>\n<\/div>\n<\/div>\n<\/div>\n<\/div>\n<\/div>\n<\/div>\n<div id=\"pg-995-4\" class=\"panel-grid panel-has-style\" data-style=\"{&quot;padding&quot;:&quot;0px&quot;,&quot;background_display&quot;:&quot;tile&quot;,&quot;bottom_margin&quot;:&quot;0px&quot;,&quot;gutter&quot;:&quot;0px&quot;}\">\n<div class=\"panel-row-style panel-row-style-for-995-4\">\n<div id=\"pgc-995-4-0\" class=\"panel-grid-cell\" data-weight=\"1\">\n<div id=\"panel-995-4-0-0\" class=\"so-panel widget widget_sow-editor panel-first-child panel-last-child\" data-index=\"4\" data-style=\"{&quot;background_display&quot;:&quot;tile&quot;}\">\n<div class=\"so-widget-sow-editor so-widget-sow-editor-base\">\n<div class=\"siteorigin-widget-tinymce textwidget\">\n<div class=\"items-leading\">\n<div class=\"leading-0\">\n<div class=\"apreis-box apreis-post\">\n<div class=\"apreis-box-body apreis-post-body\">\n<div class=\"apreis-post-inner\">\n<div class=\"apreis-postcontent\">\n<div class=\"apreis-article\">\n<p>&nbsp;<\/p>\n<p style=\"text-align: center;\"><span style=\"font-family: tahoma, arial, helvetica, sans-serif; color: #000000; font-size: 24px;\"><strong>\u00a0Youth of Guinea for Climate<\/strong><\/span><span style=\"font-family: tahoma, arial, helvetica, sans-serif;\"><span style=\"font-family: tahoma, arial, helvetica, sans-serif;\"><strong><span style=\"color: #333399;\"><span style=\"font-size: 16px;\"><span style=\"font-size: 14px;\"><a style=\"color: #333399;\" href=\"\/\/apreis.eu\/apreis\/wp-content\/uploads\/2015\/01\/Presentation-et-Budget-Microprojets.pdf\" target=\"_blank\" rel=\"noopener noreferrer\"><br \/>\n<\/a><\/span><\/span><\/span><\/strong><\/span><\/span><\/p>\n<p>&nbsp;<\/p>\n<p style=\"text-align: center;\"><div id=\"SlideDeck-37262-frame\" class=\"slidedeck-frame slidedeck_frame slidedeck-frame-37262 lens-tool-kit show-overlay-hover display-nav-hover content-source-custom slidedeck-cover-style-fabric sd2-show-front-cover sd2-hideSpines sd2-show-author sd2-show-author-avatar sd2-show-title sd2-show-excerpt sd2-show-readmore sd2-custom sd2-medium sd2-dark default-nav-styles sd2-nav-dots sd2-frame sd2-nav-default sd2-nav-pos-bottom sd2-title-pos-top sd2-title-dark sd2-1 sd2-nav-arrow-style-1 sd2-arrowstyle-7\" style=\"width:480px;height:320px;\" data-sd2-lazy-load-padding=\"1\"><div class=\"slidedeck-cover slidedeck-cover-front\">\n    \n    <div class=\"slidedeck-cover-wrapper\">\n        \n\t    <div class=\"slidedeck-cover-binding\"><span class=\"slidedeck-cover-binding-highlight\"><\/span><span class=\"slidedeck-cover-color\" style=\"background-color:#3ea0c1\"><\/span><\/div>\n\t    \n        <div class=\"slidedeck-cover-copy\">\n            <div class=\"slidedeck-cover-outer\">\n                <div class=\"slidedeck-cover-middle\">\n                    <div class=\"slidedeck-cover-inner\">\n                        <span class=\"slidedeck-cover-title\" style=\"font-family:'Linden Hill', serif;font-weight:400;\">Poem for the Climate<br \/>\r\nMariama Cire Bah<br \/>\r\n28\/05\/2015<\/span>\n                    <\/div>\n\t\t\t        \n\t\t\t        <div class=\"slidedeck-cover-curatedby\"  style=\"display:none;\">\n\t\t\t            Curated by <span class=\"slidedeck-cover-author\">Apreis<\/span>\n\t\t\t            \t\t\t        <\/div>\n                <\/div>\n            <\/div>\n        <\/div>\n        \n        <a href=\"#open\" class=\"slidedeck-cover-nav-button slidedeck-cover-open\" title=\"Open\">\n            <span class=\"slidedeck-cover-button\"><\/span>\n            <span class=\"slidedeck-cover-color\" style=\"background-color:#3ea0c1;\"><\/span>\n            <span class=\"slidedeck-cover-semicircle\"><\/span>\n        <\/a>\n        \n        <span class=\"slidedeck-cover-wrapper-back\"><span class=\"slidedeck-cover-wrapper-back-inner\"><\/span><\/span>\n        <span class=\"slidedeck-cover-wrapper-nub\"><\/span>\n    <\/div>\n    \n    <div class=\"slidedeck-cover-mask\"><\/div>\n    \n<\/div><div class=\"sd-wrapper\"><dl id=\"SlideDeck-37262\" class=\"slidedeck slidedeck-37262\" style=\"width:456px;height:296px;\"><dt>Climate Poem<\/dt><dd style=\"\" class=\"no-image has-excerpt has-title custom-layout-caption custom-caption-position-top sd2-image-scaling-cover slide-type-html slide-source-custom\" data-thumbnail-src=\"\"><div class=\"sd2-content-wrapper\"><div style=\"padding:75% 0 0 0;position:relative;\"><iframe src=\"https:\/\/player.vimeo.com\/video\/131604059?badge=0&amp;autopause=0&amp;player_id=0&amp;app_id=58479\" frameborder=\"0\" allow=\"autoplay; fullscreen; picture-in-picture\" style=\"position:absolute;top:0;left:0;width:100%;height:100%;\" title=\"Cire\u0301 Poe\u0300me\"><\/iframe><\/div><script src=\"https:\/\/player.vimeo.com\/api\/player.js\"><\/script><\/div><\/dd><\/dl><div class=\"slidedeck-overlays\" data-for=\"SlideDeck-37262\"><a href=\"#slidedeck-overlays\" class=\"slidedeck-overlays-showhide\">Overlays<span class=\"open-icon\"><\/span><span class=\"close-icon\"><\/span><\/a><span class=\"slidedeck-overlays-wrapper\"><a href=\"https:\/\/www.facebook.com\/sharer.php?u=https:\/\/apreis.eu\/enapreis\/#SlideDeck-37262&t=Poem+for+the+Climate\" target=\"_blank\" class=\"slidedeck-overlay slidedeck-overlay-type-facebook slidedeck-overlay-1\" data-popup-width=\"659\" data-popup-height=\"592\" data-type=\"facebook\"><span class=\"slidedeck-overlay-logo\"><\/span><span class=\"slidedeck-overlay-label\">Share<\/span><\/a><a href=\"https:\/\/twitter.com\/intent\/tweet?url=https%3A%2F%2Fapreis.eu%2Fenapreis%2F%23SlideDeck-37262&via=slidedeck&related=slidedeck&text=Check+out+this+SlideDeck%21\" target=\"_blank\" class=\"slidedeck-overlay slidedeck-overlay-type-twitter slidedeck-overlay-2\" data-popup-width=\"466\" data-popup-height=\"484\" data-type=\"twitter\"><span class=\"slidedeck-overlay-logo\"><\/span><span class=\"slidedeck-overlay-label\">Tweet<\/span><\/a><\/span><\/div><a class=\"deck-navigation horizontal prev\" href=\"#prev-horizontal\"><span>Previous<\/span><\/a><a class=\"deck-navigation horizontal next\" href=\"#next-horizontal\"><span>Next<\/span><\/a><a class=\"deck-navigation vertical prev\" href=\"#prev-vertical\"><span>Previous<\/span><\/a><a class=\"deck-navigation vertical next\" href=\"#next-vertical\"><span>Next<\/span><\/a><\/div><\/div><\/p>\n<p>&nbsp;<\/p>\n<p style=\"text-align: center;\"><span style=\"font-size: 16px; font-family: tahoma, arial, helvetica, sans-serif;\"><strong>Educational and intercultural micro-projects for Sustainability<\/strong><\/span><span style=\"font-size: 16px; font-family: tahoma, arial, helvetica, sans-serif;\"><strong>\u00a0<\/strong><\/span><span style=\"font-size: 16px; font-family: tahoma, arial, helvetica, sans-serif; color: #000080;\"><strong><\/p>\n<p><\/strong><\/span><\/p>\n<p style=\"text-align: center;\"><span style=\"font-family: tahoma, arial, helvetica, sans-serif; font-size: 12px;\"><strong><span style=\"color: #333399;\"><span style=\"font-size: 16px;\"><a href=\"https:\/\/apreis.eu\/enapreis\/wp-content\/uploads\/2015\/01\/Presentation-et-Budget-Microprojets.pdf\" target=\"_blank\" rel=\"noopener noreferrer\"><img loading=\"lazy\" class=\"aligncenter wp-image-29261 size-full\" src=\"https:\/\/apreis.eu\/enapreis\/wp-content\/uploads\/2023\/03\/dry-earth-flower-3-e1451527264680.jpg\" alt=\"\" width=\"350\" height=\"292\" srcset=\"https:\/\/apreis.eu\/enapreis\/wp-content\/uploads\/2023\/03\/dry-earth-flower-3-e1451527264680.jpg 350w, https:\/\/apreis.eu\/enapreis\/wp-content\/uploads\/2023\/03\/dry-earth-flower-3-e1451527264680-300x250.jpg 300w\" sizes=\"(max-width: 350px) 100vw, 350px\" \/><\/a><\/span><\/span><\/strong><\/span><\/p>\n<\/div>\n<\/div>\n<\/div>\n<\/div>\n<\/div>\n<\/div>\n<\/div>\n<\/div>\n<\/div>\n<\/div>\n<\/div>\n<\/div>\n<\/div>\n<div id=\"pg-995-9\" class=\"panel-grid panel-has-style\" data-style=\"{&quot;row_css&quot;:&quot;p\\n{\\n box-shadow: 1px 1px 1px 1px green;\\n}\\n#cadre {\\n border-radius: 12px;\\n}&quot;,&quot;padding&quot;:&quot;10px 1px 1px 1px&quot;,&quot;background_image_attachment&quot;:false,&quot;background_display&quot;:&quot;tile&quot;,&quot;bottom_margin&quot;:&quot;1%&quot;,&quot;gutter&quot;:&quot;1%&quot;,&quot;cell_alignment&quot;:&quot;flex-start&quot;}\">\n<div class=\"panel-row-style panel-row-style-for-995-9\">\n<div id=\"pgc-995-9-1\" class=\"panel-grid-cell\" data-weight=\"0.57735027171258\">\n<div id=\"panel-995-9-1-0\" class=\"so-panel widget widget_black-studio-tinymce widget_black_studio_tinymce panel-first-child panel-last-child\" data-index=\"11\" data-style=\"{&quot;padding&quot;:&quot;15px&quot;,&quot;background_image_attachment&quot;:false,&quot;background_display&quot;:&quot;tile&quot;}\">\n<div class=\"panel-widget-style panel-widget-style-for-995-9-1-0\">\n<table style=\"border-collapse: collapse; width: 100%; height: 185px;\">\n<tbody>\n<tr style=\"height: 185px;\">\n<td style=\"width: 50%; height: 185px;\">\n<p>&nbsp;<\/p>\n<p>&nbsp;<\/p>\n<p>&nbsp;<\/p>\n<p>&nbsp;<\/p>\n<p><span style=\"font-size: 12px; font-family: tahoma, arial, helvetica, sans-serif;\">Documentary Duration : 52 mn<\/span><\/p>\n<p><span style=\"font-size: 12px; font-family: tahoma, arial, helvetica, sans-serif;\">Director : Coralie Chardonnet<\/span><\/p>\n<p><span style=\"font-size: 12px; font-family: tahoma, arial, helvetica, sans-serif;\">Scientific Advisor : L\u00e9o Dayan\u00a0<\/span><\/p>\n<p><span style=\"font-size: 12px; font-family: tahoma, arial, helvetica, sans-serif;\">Editing : Ga\u00ebl Cathou<\/span><\/p>\n<p><span style=\"font-size: 12px; font-family: tahoma, arial, helvetica, sans-serif;\">\u00a0Original Music \u00a0: Julien Dayan<\/span><\/p>\n<p><span style=\"font-size: 12px; font-family: tahoma, arial, helvetica, sans-serif;\">\u00a0Producer: Wapiti Production<\/span><\/p>\n<\/td>\n<td style=\"width: 50%; height: 185px;\">\n<p style=\"text-align: center;\"><strong><span style=\"font-size: 24px;\"><span style=\"font-family: tahoma, arial, helvetica, sans-serif;\">ZERO WASTE&#8230;.<\/span><\/span><\/strong><\/p>\n<p>&nbsp;<\/p>\n<p style=\"text-align: center;\"><div id=\"SlideDeck-37303-frame\" class=\"slidedeck-frame slidedeck_frame slidedeck-frame-37303 lens-tool-kit show-overlay-hover display-nav-never content-source-custom slidedeck-cover-style-fabric sd2-show-front-cover sd2-hideSpines sd2-show-author sd2-show-author-avatar sd2-show-title sd2-show-excerpt sd2-show-readmore sd2-custom sd2-medium sd2-dark default-nav-styles sd2-nav-dots sd2-frame sd2-nav-default sd2-nav-pos-bottom sd2-title-pos-top sd2-title-dark sd2-1 sd2-nav-arrow-style-1 sd2-arrowstyle-4\" style=\"width:480px;height:320px;\" data-sd2-lazy-load-padding=\"1\"><div class=\"slidedeck-cover slidedeck-cover-front\">\n    \n    <div class=\"slidedeck-cover-wrapper\">\n        \n\t    <div class=\"slidedeck-cover-binding\"><span class=\"slidedeck-cover-binding-highlight\"><\/span><span class=\"slidedeck-cover-color\" style=\"background-color:#3ea0c1\"><\/span><\/div>\n\t    \n        <div class=\"slidedeck-cover-copy\">\n            <div class=\"slidedeck-cover-outer\">\n                <div class=\"slidedeck-cover-middle\">\n                    <div class=\"slidedeck-cover-inner\">\n                        <span class=\"slidedeck-cover-title\" style=\"font-family:'Linden Hill', serif;font-weight:400;\">Nothing to throw<\/span>\n                    <\/div>\n\t\t\t        \n\t\t\t        <div class=\"slidedeck-cover-curatedby\"  style=\"display:none;\">\n\t\t\t            Curated by <span class=\"slidedeck-cover-author\">Apreis<\/span>\n\t\t\t            \t\t\t        <\/div>\n                <\/div>\n            <\/div>\n        <\/div>\n        \n        <a href=\"#open\" class=\"slidedeck-cover-nav-button slidedeck-cover-open\" title=\"Open\">\n            <span class=\"slidedeck-cover-button\"><\/span>\n            <span class=\"slidedeck-cover-color\" style=\"background-color:#3ea0c1;\"><\/span>\n            <span class=\"slidedeck-cover-semicircle\"><\/span>\n        <\/a>\n        \n        <span class=\"slidedeck-cover-wrapper-back\"><span class=\"slidedeck-cover-wrapper-back-inner\"><\/span><\/span>\n        <span class=\"slidedeck-cover-wrapper-nub\"><\/span>\n    <\/div>\n    \n    <div class=\"slidedeck-cover-mask\"><\/div>\n    \n<\/div><div class=\"sd-wrapper\"><dl id=\"SlideDeck-37303\" class=\"slidedeck slidedeck-37303\" style=\"width:456px;height:296px;\"><dt>Slide 1<\/dt><dd style=\"\" class=\"no-image has-excerpt has-title custom-layout-caption custom-caption-position-top sd2-image-scaling-cover slide-type-html slide-source-custom\" data-thumbnail-src=\"\"><div class=\"sd2-content-wrapper\"><iframe src=\"https:\/\/player.vimeo.com\/video\/18431803?h=bd5360eaca\" width=\"640\" height=\"338\" frameborder=\"0\" allow=\"autoplay; fullscreen; picture-in-picture\" allowfullscreen><\/iframe>\r\n<p><a href=\"https:\/\/vimeo.com\/18431803\">DOCUMENTAIRE * Rien &agrave; jeter - PLANETE<\/a> from <a href=\"https:\/\/vimeo.com\/user5646730\">_ Ga&euml;l Cathou _<\/a> on <a href=\"https:\/\/vimeo.com\">Vimeo<\/a>.<\/p><\/div><\/dd><\/dl><div class=\"slidedeck-overlays\" data-for=\"SlideDeck-37303\"><a href=\"#slidedeck-overlays\" class=\"slidedeck-overlays-showhide\">Overlays<span class=\"open-icon\"><\/span><span class=\"close-icon\"><\/span><\/a><span class=\"slidedeck-overlays-wrapper\"><a href=\"https:\/\/www.facebook.com\/sharer.php?u=https:\/\/apreis.eu\/enapreis\/#SlideDeck-37303&t=NOTHING+TO+THROW\" target=\"_blank\" class=\"slidedeck-overlay slidedeck-overlay-type-facebook slidedeck-overlay-1\" data-popup-width=\"659\" data-popup-height=\"592\" data-type=\"facebook\"><span class=\"slidedeck-overlay-logo\"><\/span><span class=\"slidedeck-overlay-label\">Share<\/span><\/a><a href=\"https:\/\/twitter.com\/intent\/tweet?url=https%3A%2F%2Fapreis.eu%2Fenapreis%2F%23SlideDeck-37303&via=slidedeck&related=slidedeck&text=Check+out+this+SlideDeck%21\" target=\"_blank\" class=\"slidedeck-overlay slidedeck-overlay-type-twitter slidedeck-overlay-2\" data-popup-width=\"466\" data-popup-height=\"484\" data-type=\"twitter\"><span class=\"slidedeck-overlay-logo\"><\/span><span class=\"slidedeck-overlay-label\">Tweet<\/span><\/a><\/span><\/div><a class=\"deck-navigation horizontal prev\" href=\"#prev-horizontal\"><span>Previous<\/span><\/a><a class=\"deck-navigation horizontal next\" href=\"#next-horizontal\"><span>Next<\/span><\/a><a class=\"deck-navigation vertical prev\" href=\"#prev-vertical\"><span>Previous<\/span><\/a><a class=\"deck-navigation vertical next\" href=\"#next-vertical\"><span>Next<\/span><\/a><\/div><\/div><\/p>\n<p>&nbsp;<\/p>\n<p style=\"text-align: center;\"><span style=\"font-size: 20px; color: #000080;\"><strong><span style=\"font-family: tahoma, arial, helvetica, sans-serif;\">An inconcevable<\/span><\/strong><strong><span style=\"font-family: tahoma, arial, helvetica, sans-serif;\"> Target\u00a0?<\/span><\/strong><\/span><\/p>\n<\/td>\n<\/tr>\n<\/tbody>\n<\/table>\n<\/div>\n<\/div>\n<\/div>\n<\/div>\n<\/div>\n<div id=\"pg-995-12\" class=\"panel-grid panel-no-style\">\n<div id=\"pgc-995-12-0\" class=\"panel-grid-cell\" data-weight=\"1\">\n<div id=\"panel-995-12-0-0\" class=\"so-panel widget widget_sow-editor panel-first-child panel-last-child\" data-index=\"15\" data-style=\"{&quot;background_display&quot;:&quot;tile&quot;}\">\n<div class=\"so-widget-sow-editor so-widget-sow-editor-base\">\n<div class=\"siteorigin-widget-tinymce textwidget\">\n<div class=\"items-row cols-1 row-1\">\n<div class=\"item column-1\">\n<div class=\"apreis-box apreis-post\">\n<div class=\"apreis-box-body apreis-post-body\">\n<div class=\"apreis-post-inner\">\n<div class=\"apreis-postheadericons apreis-metadata-icons\">\n<div id=\"pg-995-15\" class=\"panel-grid panel-no-style\">\n<div id=\"pgc-995-15-0\" class=\"panel-grid-cell\" data-weight=\"1\">\n<div id=\"panel-995-15-0-0\" class=\"so-panel widget widget_sow-editor panel-first-child panel-last-child\" data-index=\"19\" data-style=\"{&quot;background_display&quot;:&quot;tile&quot;,&quot;font_color&quot;:&quot;#000000&quot;,&quot;link_color&quot;:&quot;#000000&quot;}\">\n<div class=\"panel-widget-style panel-widget-style-for-995-15-0-0\">\n<div class=\"so-widget-sow-editor so-widget-sow-editor-base\">\n<div class=\"siteorigin-widget-tinymce textwidget\">\n<div class=\"items-row cols-1 row-1\">\n<div class=\"item column-1\">\n<div class=\"apreis-box apreis-post\">\n<div class=\"apreis-box-body apreis-post-body\">\n<div class=\"apreis-post-inner\">\n<div class=\"apreis-postheadericons apreis-metadata-icons\">\n<p>&nbsp;<\/p>\n<p style=\"text-align: center;\"><span style=\"font-family: tahoma, arial, helvetica, sans-serif; color: #000000; font-size: 24px;\"><strong>Ecolinks Economics : Sustainability 5.0<\/strong><\/span><\/p>\n<p style=\"text-align: justify;\"><span style=\"font-size: 12px; font-family: tahoma, arial, helvetica, sans-serif;\"><br \/>\nBy increasing natural resources productivity and by reducing the dispersal of polluting substances, the eco links economy reuses, by \u201cwall to wall\u201d, any waste of a resource for another purpose.&lt;\/em&gt; This way allows disconnecting the wealth creation and the increment in the level of financial flows from increased flows and stocks of borrowing materials, energy and collected waste. Replacing the welfare cost by an eco-taxation based on polluting capital, the state can incite companies to invest in the eco-links. The joint and combined determination of the social security contributions paid by the employer and of the eco-taxation rate on polluting capital can maintain the global price stability, guarantee the budget balance of the fiscal transfer and keep the state of the competitiveness price as it was before. The deformation of the production function, caused by a direct tax system favourable to non-polluting capital and to labour, increases the consumers\u2019 purchasing power in sustainable goods and the volume of employment. At the same time, it enables the preventive environment and health protection and insures the balance of the welfare accounts.<\/span><\/p>\n<p>&nbsp;<\/p>\n<div style=\"padding: 60% 0 0 0; position: relative;\"><iframe style=\"position: absolute; top: 0; left: 0; width: 100%; height: 100%;\" title=\"Durabilit\u00e9 5.0\" src=\"https:\/\/player.vimeo.com\/video\/146991348?h=bb37e52463&amp;badge=0&amp;autopause=0&amp;player_id=0&amp;app_id=58479\" frameborder=\"0\" data-mce-fragment=\"1\"><span data-mce-type=\"bookmark\" style=\"display: inline-block; width: 0px; overflow: hidden; line-height: 0;\" class=\"mce_SELRES_start\">\ufeff<\/span><\/iframe><\/div>\n<p><script src=\"https:\/\/player.vimeo.com\/api\/player.js\"><\/script><\/p>\n<p style=\"text-align: center;\"><span style=\"color: #000000;\"><span style=\"font-family: tahoma, arial, helvetica, sans-serif; font-size: 12px;\"><strong><span style=\"font-size: 16px;\"><span style=\"font-size: 20px;\">\u00a0<\/span><\/span><\/strong><\/span><\/span><\/p>\n<p style=\"text-align: center;\"><span style=\"color: #000000; font-size: 24px;\"><span style=\"font-family: tahoma, arial, helvetica, sans-serif;\"><strong>Globalization and Multiculturalism <\/strong><\/span><\/span><\/p>\n<p style=\"text-align: center;\"><span style=\"color: #000000; font-size: 24px;\"><span style=\"font-family: tahoma, arial, helvetica, sans-serif;\"><strong>&amp; <\/strong><\/span><\/span><\/p>\n<p style=\"text-align: center;\"><span style=\"color: #000000; font-size: 24px;\"><span style=\"font-family: tahoma, arial, helvetica, sans-serif;\"><strong>Sustaintability and Interculturality<\/strong><\/span><\/span><\/p>\n<div class=\"items-row cols-1 row-1\" style=\"text-align: center;\"><span style=\"font-size: 10px; font-family: tahoma, arial, helvetica, sans-serif; color: #008000;\"><strong>Al\u00e9m das barreiras do Multiculturalismo, as pontes interculturais da Sustentabilidade<\/strong><\/span><\/div>\n<div class=\"items-row cols-1 row-1\" style=\"text-align: center;\"><span style=\"font-size: 10px; font-family: tahoma, arial, helvetica, sans-serif; color: #ff00ff;\"><strong>Ademas\u00a0de las barreras\u00a0del\u00a0Multiculturalismo, los puentes interculturales de la Sustentabilidad<\/strong><\/span><\/div>\n<div>\u00a0<\/div>\n<div style=\"text-align: center;\"><strong><span style=\"font-size: 14px; font-family: tahoma, arial, helvetica, sans-serif;\">INTERNATIONAL ACADEMIC CONFERENCE CONTEMPORARY<\/span><\/strong><\/div>\n<div style=\"text-align: center;\"><span style=\"font-size: 12px; font-family: tahoma, arial, helvetica, sans-serif;\">CHANCELLERY OF THE PRESIDENT OF THE REPUBLIC OF POLAND\u00a0 <\/span><\/div>\n<div style=\"text-align: center;\"><span style=\"font-family: tahoma, arial, helvetica, sans-serif; font-size: 12px;\">June 2009<\/span><\/div>\n<p>&nbsp;<\/p>\n<p style=\"text-align: center;\"><strong><span style=\"font-family: tahoma, arial, helvetica, sans-serif; font-size: 14px;\">Beyond Walls and Accommodations of Multiculturalism \u00a0 \u00a0<\/span><\/strong><\/p>\n<p style=\"text-align: justify;\"><span style=\"font-size: 12px; font-family: tahoma, arial, helvetica, sans-serif;\">By establishing the existence of a global public good, the sustainability opens up and makes plural the human identities, brings down the partition walls of multiculturalism and offers a meaning and a direction to the interculturality around a common sustainable civilizational project. <br \/>\n<\/span><span style=\"font-size: 12px; font-family: tahoma, arial, helvetica, sans-serif;\">But the globalization of developments, that requires the adaptation of human needs to the natural capacities, is challenging the economic globalization rationalities imposed by the State\/Market couple. It demands the emergence of civil actor, local and world, to value the cultural biodiversity and to allow the intercultural implementation of sustainability cooperative links by the local and for global sustainability.\u00a0 <strong><a href=\"https:\/\/apreis.eu\/apreis\/wp-content\/uploads\/2015\/11\/Mult.Interac.v.f1.pdf\" target=\"_blank\" rel=\"noopener noreferrer\">Read More<\/a><\/strong><\/span><\/p>\n<\/div>\n<p>&nbsp;<\/p>\n<p style=\"text-align: justify;\"><img loading=\"lazy\" class=\"aligncenter wp-image-1656\" src=\"https:\/\/apreis.eu\/apreis\/wp-content\/uploads\/2015\/02\/aqua14.jpg\" alt=\"aqua14\" width=\"586\" height=\"284\" srcset=\"https:\/\/apreis.eu\/enapreis\/wp-content\/uploads\/2015\/02\/aqua14.jpg 824w, https:\/\/apreis.eu\/enapreis\/wp-content\/uploads\/2015\/02\/aqua14-300x146.jpg 300w\" sizes=\"(max-width: 586px) 100vw, 586px\" \/><\/p>\n<\/div>\n<\/div>\n<\/div>\n<\/div>\n<\/div>\n<div class=\"items-row cols-1 row-1\" style=\"text-align: center;\">\u00a0<\/div>\n<\/div>\n<div class=\"items-row cols-1 row-1\" style=\"text-align: center;\">\u00a0<\/div>\n<\/div>\n<\/div>\n<\/div>\n<\/div>\n<\/div>\n<div id=\"pg-995-16\" class=\"panel-grid panel-no-style\">\n<div id=\"pgc-995-16-0\" class=\"panel-grid-cell\" data-weight=\"1\">\n<div id=\"panel-995-16-0-0\" class=\"so-panel widget widget_sow-editor panel-first-child panel-last-child\" data-index=\"20\" data-style=\"{&quot;background_image_attachment&quot;:false,&quot;background_display&quot;:&quot;tile&quot;}\">\n<div class=\"so-widget-sow-editor so-widget-sow-editor-base\">\n<div class=\"siteorigin-widget-tinymce textwidget\">\n<div class=\"items-row cols-1 row-1\">\n<div class=\"item column-1\">\n<div class=\"apreis-box apreis-post\">\n<div class=\"apreis-box-body apreis-post-body\">\n<div class=\"apreis-post-inner\">\n<div class=\"apreis-postheadericons apreis-metadata-icons\">\n<p style=\"text-align: center;\"><span style=\"color: #000000;\"><span style=\"font-size: 20px;\"><strong><span style=\"font-family: tahoma, arial, helvetica, sans-serif;\"><a style=\"color: #000000;\" href=\"https:\/\/www.editions-harmattan.fr\/index.asp?navig=catalogue&amp;obj=livre&amp;no=33265\" target=\"_blank\" rel=\"noopener noreferrer\">Territo<\/a><a style=\"color: #000000;\" href=\"https:\/\/www.editions-harmattan.fr\/index.asp?navig=catalogue&amp;obj=livre&amp;no=33265\" target=\"_blank\" rel=\"noopener noreferrer\">r<\/a><a style=\"color: #000000;\" href=\"https:\/\/www.editions-harmattan.fr\/index.asp?navig=catalogue&amp;obj=livre&amp;no=33265\" target=\"_blank\" rel=\"noopener noreferrer\">y Engineering put to the test of the <\/a><a style=\"color: #000000;\" href=\"https:\/\/www.editions-harmattan.fr\/index.asp?navig=catalogue&amp;obj=livre&amp;no=33265\" target=\"_blank\" rel=\"noopener noreferrer\">Sustainability<\/a><\/span><\/strong><\/span><span style=\"font-size: 14px;\"><strong><span style=\"font-family: tahoma, arial, helvetica, sans-serif;\"><br \/>\n<\/span><\/strong><\/span><\/span><\/p>\n<p>&nbsp;<\/p>\n<p style=\"text-align: center;\" align=\"center\"><a href=\"https:\/\/www.editions-harmattan.fr\/index.asp?navig=catalogue&amp;obj=livre&amp;no=33265\" target=\"_blank\" rel=\"noopener noreferrer\"><span style=\"font-size: 10px;\"><span style=\"color: #008080; font-family: tahoma, arial, helvetica, sans-serif;\"><strong><span style=\"color: #008000;\"><img loading=\"lazy\" class=\"alignnone wp-image-1289 size-full\" src=\"https:\/\/apreis.eu\/enapreis\/wp-content\/uploads\/2015\/01\/ingenierie.recto_1-e1695452547101.jpg\" alt=\"\" width=\"300\" height=\"464\" \/><\/span><\/strong><\/span><\/span><img loading=\"lazy\" class=\"alignnone wp-image-1286 size-full\" src=\"https:\/\/apreis.eu\/enapreis\/wp-content\/uploads\/2015\/02\/ingenierie.verso_-e1695452521734.jpg\" alt=\"\" width=\"300\" height=\"466\" \/><\/a><\/p>\n<p style=\"text-align: center;\"><span style=\"font-size: 12px; color: #000000;\"><span style=\"font-size: 10px;\">Chapter 1 : <strong>Sustainable local\u00a0 development put to the test by the State, the market and the world<\/strong> \u00a0 <a href=\"https:\/\/apreis.eu\/apreis\/wp-content\/uploads\/2012\/06\/Ingenierie_DD_LD1.pdf\" target=\"_blank\" rel=\"noopener noreferrer\">Read the full text in French<\/a><\/span><\/span><\/p>\n<p style=\"text-align: center;\"><span style=\"font-size: 12px;\"><span style=\"font-size: 10px; color: #000000;\">Chapter\u00a0 11\u00a0:<strong> For a decentralized regulation of the \u00a0global economy Sustainability <\/strong>\u00a0<a href=\"https:\/\/apreis.eu\/apreis\/wp-content\/uploads\/2012\/06\/Ingenierie_DD_LD1.pdf\" target=\"_blank\" rel=\"noopener noreferrer\">Read the full text in French<\/a><\/span><\/span><\/p>\n<\/div>\n<\/div>\n<\/div>\n<\/div>\n<\/div>\n<\/div>\n<\/div>\n<\/div>\n<\/div>\n<\/div>\n<\/div>\n<div id=\"pg-995-17\" class=\"panel-grid panel-no-style\">\n<div id=\"pgc-995-17-0\" class=\"panel-grid-cell\" data-weight=\"1\">\n<div id=\"panel-995-17-0-0\" class=\"so-panel widget widget_sow-editor panel-first-child panel-last-child\" data-index=\"21\" data-style=\"{&quot;background_display&quot;:&quot;tile&quot;}\">\n<div class=\"so-widget-sow-editor so-widget-sow-editor-base\">\n<div class=\"siteorigin-widget-tinymce textwidget\">\n<p>&nbsp;<\/p>\n<p style=\"text-align: center;\"><img loading=\"lazy\" class=\"alignnone wp-image-120 size-full\" src=\"https:\/\/apreis.eu\/apreis\/wp-content\/uploads\/2014\/12\/jandaia_Quebrada2-e1497130967255.jpg\" alt=\"\" width=\"550\" height=\"293\" \/><\/p>\n<\/div>\n<\/div>\n<\/div>\n<\/div>\n<\/div>\n<\/div>\n<\/div>\n<\/div>\n<\/div>\n<\/div>\n<\/div>\n<\/div>\n<\/div>\n<\/div>\n<\/div>\n<\/div>\n<\/div>\n<\/div>\n<\/div>\n<\/div>\n<\/div>\n","protected":false},"excerpt":{"rendered":"<p>So, still digging? \u00a0 \u00a0 THE FILM ON THE IMAGINARY OF RESEARCHERS\u00a0 &amp; THE DOCUMENTARY FOR RESEARCH, CLIMATE, WOMEN AND YOUTH\u00a0 \u00a0 \u00a0Finalist : 4 ; \u00a0Semi-Finalist : \u00a01 ;\u00a0 Nominee : 2\u00a0 \u00a0;\u00a0 Honourable Mention : 3 AWARD WINNER [&hellip;]<\/p>\n","protected":false},"author":1,"featured_media":0,"parent":0,"menu_order":0,"comment_status":"closed","ping_status":"closed","template":"","meta":[],"_links":{"self":[{"href":"https:\/\/apreis.eu\/enapreis\/wp-json\/wp\/v2\/pages\/995"}],"collection":[{"href":"https:\/\/apreis.eu\/enapreis\/wp-json\/wp\/v2\/pages"}],"about":[{"href":"https:\/\/apreis.eu\/enapreis\/wp-json\/wp\/v2\/types\/page"}],"author":[{"embeddable":true,"href":"https:\/\/apreis.eu\/enapreis\/wp-json\/wp\/v2\/users\/1"}],"replies":[{"embeddable":true,"href":"https:\/\/apreis.eu\/enapreis\/wp-json\/wp\/v2\/comments?post=995"}],"version-history":[{"count":9,"href":"https:\/\/apreis.eu\/enapreis\/wp-json\/wp\/v2\/pages\/995\/revisions"}],"predecessor-version":[{"id":37599,"href":"https:\/\/apreis.eu\/enapreis\/wp-json\/wp\/v2\/pages\/995\/revisions\/37599"}],"wp:attachment":[{"href":"https:\/\/apreis.eu\/enapreis\/wp-json\/wp\/v2\/media?parent=995"}],"curies":[{"name":"wp","href":"https:\/\/api.w.org\/{rel}","templated":true}]}}