{"id":781,"date":"2012-05-28T11:40:36","date_gmt":"2012-05-28T09:40:36","guid":{"rendered":"https:\/\/apreis.eu\/essas\/?page_id=781"},"modified":"2022-09-22T18:10:35","modified_gmt":"2022-09-22T16:10:35","slug":"synthese","status":"publish","type":"page","link":"https:\/\/apreis.eu\/essas\/essfr\/synthese\/","title":{"rendered":"ESSAS : Synthese"},"content":{"rendered":"<p style=\"text-align: justify;\" align=\"center\"><strong>\u00a0<\/strong><\/p>\n<p style=\"text-align: center;\" align=\"center\">INNOVATIONS DURABLES\u00a0\u00a0DE L&rsquo; ECONOMIE SOLIDAIRE EN AMERIQUE DU SUD\u00a0<br \/>\nCrit\u00e8res. Champs d&rsquo;application. Inventaire. Cartographie. Mise en r\u00e9seau \u00a0\u00a0Campos\u00a0<\/p>\n<p style=\"text-align: center;\" align=\"center\">\u00a0<\/p>\n<p align=\"center\"><span style=\"font-size: 16px;\"><strong>Mettre en lumi\u00e8re\u00a0<\/strong><strong>le r\u00f4le\u00a0<\/strong><strong>des acteurs de l\u2019\u00e9conomie solidaire<br \/>\n<\/strong><strong>et\u00a0t<\/strong><strong>erritorialiser le d\u00e9veloppement durable\u00a0<\/strong><\/span>\u00a0<\/p>\n<p>&nbsp;<\/p>\n<p><span style=\"font-size: 14px;\"><strong>Synth\u00e8se<\/strong><\/span><\/p>\n<p>Inventorier, classifier, cartographier, diffuser, partager, discuter, essaimer et articuler, \u00a0<em>en lignes collaboratives et en liens interactifs<\/em>, les\u00a0 innovations durables locales de l\u2019\u00e9conomie solidaire peuvent contribuer \u00e0 sa croissance, \u00e0 sa durabilit\u00e9,\u00a0 \u00e0 sa\u00a0 mise en coh\u00e9rence d\u2019ensemble et au d\u00e9veloppement local en Am\u00e9rique latine.<\/p>\n<p>Mais cette d\u00e9marche peut aussi servir \u00e0 prendre la mesure de son importance r\u00e9elle et \u00e0 promouvoir son \u00e9mergence institutionnelle et scientifique \u00e0 l\u2019\u00e9chelle mondiale. \u00a0La mise en \u0153uvre de la durabilit\u00e9 par le local et pour la durabilit\u00e9 globale, dans laquelle l\u2019acteur civil est reconnu comme un partenaire majeur, requiert et \u00a0r\u00e9actualise ce troisi\u00e8me p\u00f4le de rationalit\u00e9 \u00e9conomique.<\/p>\n<p>Le programme \u00a0cartographique \u00a0d\u2019une \u00e9conomie, <em>fond\u00e9e sur le principe de r\u00e9ciprocit\u00e9 et con\u00e7ue par des personnes s&rsquo;associant librement pour r\u00e9pondre civilement\u00a0 \u00e0 des besoins localis\u00e9es en cr\u00e9ant des liens mat\u00e9riels et immat\u00e9riels et de nouveaux rapports de solidarit\u00e9 locale,<\/em> concernera initialement\u00a0sept\u00a0domaines cl\u00e9s\u00a0: *Fabrication des biens \u00e0 partir de la r\u00e9cup\u00e9ration des d\u00e9chets ou de mati\u00e8res renouvelables. \u00a0* Finance. \u00a0* Agriculture rurale et urbaine . *Tourisme. *Commerce. * Production culturelle artistique ou\u00a0artisanale. *Action culturelle, \u00e9ducative ou sportive.<\/p>\n<p>Ce programme propose aux\u00a0communaut\u00e9s locales de se \u00a0consid\u00e9rer comme des acteurs de la r\u00e9gulation d\u00e9centralis\u00e9e de la durabilit\u00e9 de l&rsquo;\u00e9conomie mondiale et de\u00a0soutenir le d\u00e9veloppement \u00e0\u00a0l&rsquo;\u00e9chelle mondiale d&rsquo;un troisi\u00e8me p\u00f4le de la rationalit\u00e9 \u00e9conomique qui permettrait \u00e0\u00a0la durabilit\u00e9 de donner un sens et une direction \u00e0 la mondialisation \u00e9conomique: territorialiser d\u00e9veloppement durable.<\/p>\n<p>\u00a0La cartographie sera par la suite continu\u00e9e et \u00e9largie par les acteurs de l\u2019\u00e9conomie solidaire au moyen de la mise en r\u00e9seau du r\u00e9seau ESSAS et \u00e9tendue aux continents europ\u00e9en et africains.\u00a0<\/p>\n<p style=\"text-align: justify;\"><span style=\"font-size: small;\"><strong>\u00a0<\/strong><\/span><\/p>\n<p style=\"text-align: justify;\"><span style=\"font-size: 14px;\"><strong>Pertinence et objectifs du programme<\/strong><\/span><\/p>\n<p>En introduisant dans son objet social l\u2019imp\u00e9ratif d\u2019adaptation des besoins humains aux capacit\u00e9s globales de la nature, ce p\u00f4le, construit sur des logiques autres que celles de rivalit\u00e9 ou de r\u00e9gulations centralis\u00e9es, pourrait \u00eatre en capacit\u00e9 de renouveler les approches \u00e9conomiques et internationales du d\u00e9veloppement durable, encore domin\u00e9es par les rationalit\u00e9s, conjugu\u00e9es ou concurrentes mais tout aussi impuissantes, du couple Etat-March\u00e9.<\/p>\n<p>&nbsp;<\/p>\n<p style=\"text-align: center;\"><img loading=\"lazy\" class=\"aligncenter size-full wp-image-17279\" src=\"https:\/\/apreis.eu\/essas\/essfr\/wp-content\/uploads\/2022\/09\/cg-300x225-1.jpg\" alt=\"\" width=\"300\" height=\"225\" \/><\/p>\n<p>&nbsp;<\/p>\n<p>Fond\u00e9e sur le principe de r\u00e9ciprocit\u00e9,\u00a0 ni\u00a0 d\u00e9pourvue d\u2019 \u201cesprit d\u2019entreprise\u201d ni d\u00e9nu\u00e9e d\u2019esprit de risque,\u00a0 l\u2019\u00e9conomie solidaire participe \u00e0 l\u2019efficience \u00e9conomique et sociale des modes d\u2019organisation \u00e9conomique locale. <strong>C\u2019est le cas en Am\u00e9rique latine et notamment au Br\u00e9sil<\/strong> o\u00f9 elle est pr\u00e9sente localement dans plusieurs champs d&rsquo;activit\u00e9 et s\u2019exprime par une implication contributive et redistributive localis\u00e9e m\u00ealant flux mat\u00e9riels et flux symboliques.\u00a0 Son fonctionnement repose sur une hybridation \u00e9quilibr\u00e9e, associativement construite, entre diverses logiques (ressources marchandes, ressources non marchandes de la redistribution, ressources non mon\u00e9taires, ressources mon\u00e9taires issues d\u2019\u00e9changes \u00e9quitables ou de finances solidaires).<\/p>\n<p>Le programme ESSAS, qui conjugue <strong>concepts,<\/strong> <strong>travail de terrain et technologies avanc\u00e9es de l\u2019information<\/strong>, permettra de susciter le d\u00e9bat, stimuler la recherche, sensibiliser les populations\u00a0 et d\u00e9velopper la capacit\u00e9 r\u00e9flexive\u00a0 des acteurs de l\u2019\u00e9conomie solidaire. Il rendra visibles les activit\u00e9s de l\u2019\u00e9conomie solidaire r\u00e9pondant aux crit\u00e8res de durabilit\u00e9. Il contribuera au d\u00e9veloppement\u00a0 des coop\u00e9rations,\u00a0 des \u00e9changes d\u2019information\u00a0 et de bonnes pratiques entre leurs acteurs et facilitera\u00a0 leurs articulations locales, continentales et intercontinentales. Il accro\u00eetra donc la coh\u00e9rence d\u2019ensemble de leurs activit\u00e9s. En permettant\u00a0 les transferts d\u2019information entre leurs acteurs et les producteurs\u00a0 de connaissances, il pourrait aider\u00a0 l\u2019\u00e9conomie solidaire \u00e0 \u00eatre reconnue comme un acteur de l\u2019efficience et de la durabilit\u00e9 de l\u2019\u00e9conomie locale et de ses am\u00e9nit\u00e9s et \u00e0 devenir un p\u00f4le local de la r\u00e9gulation d\u00e9centralis\u00e9e de la durabilit\u00e9 de l\u2019\u00e9conomie mondiale.<\/p>\n<p>A terme, le d\u00e9veloppement\u00a0 de ce p\u00f4le de rationalit\u00e9 \u00e9conomique, qui\u00a0 r\u00e9unit autonomie domestique, responsabilit\u00e9 sociale, cr\u00e9ation\u00a0 civile et nouveaux liens sociaux\u00a0 \u00e0 l\u2019\u00e9chelle locale comme \u00e0 l\u2019\u00e9chelle mondiale,\u00a0 donnera \u00a0\u00e0 leurs acteurs le pouvoir de contribuer \u00e0 la formulation\u00a0 de politiques publiques, locale et mondiale, plus \u00e9quilibr\u00e9es et plus coh\u00e9rentes. Il augmentera le pouvoir d\u2019influence de l\u2019acteur local et de l\u2019acteur civil mondial sur les agents de l\u2019\u00e9conomie de march\u00e9 pour qu\u2019ils adoptent des comportements plus \u00e9thiques et plus responsables qui am\u00e9liorent\u00a0 la protection de la nature, le respect de la diversit\u00e9 culturelle, les droits humains et le bien \u00eatre des populations, dont d\u00e9pend la durabilit\u00e9 de l\u2019\u00e9conomie et doit \u00eatre son but.<\/p>\n<p style=\"text-align: justify;\">Par cons\u00e9quent, l&rsquo;\u00e9conomie sociale n&rsquo;est pas une \u00e9conomie de la pauvret\u00e9 ou d&rsquo;une \u00e9conomie pour les pauvres. C&rsquo;est une ambition qui devrait permettre de\u00a0(re) territorialiser\u00a0 la durabilit\u00e9 qui n&rsquo; est pas un concept territorial mais un concept holistique et global.<\/p>\n<p>Liant protection de l&rsquo;environnement, \u00a0performance et inclusion sociale, \u00a0consid\u00e9rant lelocal comme territoire d&rsquo;initiatives et de projets, pr\u00e9servant l&rsquo;autonomie du d\u00e9veloppement local, articulant la durabilit\u00e9 locale \u00e0 la durabilit\u00e9 mondiale, \u00a0insistant sur la n\u00e9cessit\u00e9 d&rsquo;associer innovation, durabilit\u00e9 et \u00e9conomie solidaire, conjuguant r\u00e9duction de la pauvret\u00e9 et \u00a0durabilit\u00e9 environnementale et \u00a0les pla\u00e7ant dans le contexte du d\u00e9veloppement local dans leurs articulations avec la r\u00e9gulation d\u00e9centralis\u00e9e de la durabilit\u00e9 de l&rsquo;\u00e9conomie mondiale, le\u00a0programmes ESSAS offre une alternative aux politiques institutionnelles\u00a0\u00e0 la lutte contre la pauvret\u00e9 \u00a0fond\u00e9es sur l&rsquo;assistance.<\/p>\n<p>La r\u00e9alisation de cette alternative n\u00e9cessite la connaissance et la reconnaissance des \u00ab\u00a0savoir-faire\u00a0\u00bb populaires locaux\u00a0et l&rsquo;utilit\u00e9\u00a0sociale \u00e0 l&rsquo;\u00e9chelle\u00a0locale, nationale et mondiale, des\u00a0acteurs de l&rsquo;\u00e9conomie solidaire, la formation de\u00a0ses\u00a0cadres et de ses entrepreneurs.<\/p>\n<p>&nbsp;<\/p>\n<p style=\"text-align: center;\"><img loading=\"lazy\" class=\"aligncenter size-full wp-image-17281\" src=\"https:\/\/apreis.eu\/essas\/essfr\/wp-content\/uploads\/2022\/09\/Natal-8-300x242-1.jpg\" alt=\"\" width=\"300\" height=\"242\" \/><\/p>\n<p>&nbsp;<\/p>\n<p>Permettre l&rsquo;auto estime\u00a0individuelle et collective des acteurs de l&rsquo;\u00e9conomie solidaire, devrait \u00eatre l&rsquo;objectif principal des structures institutionnelles et non institutionnelles participant \u00e0 cette lutte, dont les producteurs de connaissances institutionnelles et non institutionnelles.<\/p>\n<p>Mettant l&rsquo;accent sur l&rsquo;int\u00e9gration de la protection environnementale et les syst\u00e8mes d&rsquo;information de l&rsquo;\u00e9conomie solidaire, ce programme peut mettre en \u00e9vidence l&rsquo;efficacit\u00e9 locale et l&rsquo;int\u00e9r\u00eat national d&rsquo;une \u00e9conomie qui participe \u00e0 la coh\u00e9sion sociale en Am\u00e9rique du Sud et en particulier au Br\u00e9sil. Le programme peut identifier les activit\u00e9s qui fa\u00e7onnent les communaut\u00e9s locales globales.Localis\u00e9s\u00a0mais interconnect\u00e9s localement, nationalement et mondialement, \u00a0les acteurs de l&rsquo;\u00e9conomie solidaire sont en mesure d&rsquo;agir en faveur de\u00a0la durabilit\u00e9 globale\u00a0et de sa mise en \u0153uvre par le local.<\/p>\n","protected":false},"excerpt":{"rendered":"<p>\u00a0 INNOVATIONS DURABLES\u00a0\u00a0DE L&rsquo; ECONOMIE SOLIDAIRE EN AMERIQUE DU SUD\u00a0 Crit\u00e8res. Champs d&rsquo;application. Inventaire. Cartographie. Mise en r\u00e9seau \u00a0\u00a0Campos\u00a0 \u00a0 Mettre en lumi\u00e8re\u00a0le r\u00f4le\u00a0des acteurs de l\u2019\u00e9conomie solidaire et\u00a0territorialiser le d\u00e9veloppement durable\u00a0\u00a0 &nbsp; Synth\u00e8se Inventorier, classifier, cartographier, diffuser, partager, discuter, [&hellip;]<\/p>\n","protected":false},"author":50,"featured_media":0,"parent":0,"menu_order":0,"comment_status":"open","ping_status":"open","template":"tpl_full_page.php","meta":[],"_links":{"self":[{"href":"https:\/\/apreis.eu\/essas\/essfr\/wp-json\/wp\/v2\/pages\/781"}],"collection":[{"href":"https:\/\/apreis.eu\/essas\/essfr\/wp-json\/wp\/v2\/pages"}],"about":[{"href":"https:\/\/apreis.eu\/essas\/essfr\/wp-json\/wp\/v2\/types\/page"}],"author":[{"embeddable":true,"href":"https:\/\/apreis.eu\/essas\/essfr\/wp-json\/wp\/v2\/users\/50"}],"replies":[{"embeddable":true,"href":"https:\/\/apreis.eu\/essas\/essfr\/wp-json\/wp\/v2\/comments?post=781"}],"version-history":[{"count":2,"href":"https:\/\/apreis.eu\/essas\/essfr\/wp-json\/wp\/v2\/pages\/781\/revisions"}],"predecessor-version":[{"id":17282,"href":"https:\/\/apreis.eu\/essas\/essfr\/wp-json\/wp\/v2\/pages\/781\/revisions\/17282"}],"wp:attachment":[{"href":"https:\/\/apreis.eu\/essas\/essfr\/wp-json\/wp\/v2\/media?parent=781"}],"curies":[{"name":"wp","href":"https:\/\/api.w.org\/{rel}","templated":true}]}}