{"id":90,"date":"2012-02-21T21:46:35","date_gmt":"2012-02-21T21:46:35","guid":{"rendered":"https:\/\/siamtravelmap.com\/essas\/?page_id=90"},"modified":"2014-12-18T20:07:43","modified_gmt":"2014-12-18T19:07:43","slug":"taches","status":"publish","type":"page","link":"https:\/\/apreis.eu\/essas\/essfr\/taches\/","title":{"rendered":"TACHES"},"content":{"rendered":"<p style=\"text-align: justify;\"><span style=\"font-size: x-large;\"><strong>TACHES<\/strong><\/span><\/p>\n<p style=\"text-align: center;\">\u00a0<\/p>\n<p style=\"text-align: center;\"><span style=\"font-size: large;\"><strong>Mettre en lumi\u00e8re le r\u00f4le des acteurs innovants de l&rsquo;\u00e9conomie solidaire \u00a0<\/strong><\/span><\/p>\n<p style=\"text-align: center;\"><span style=\"font-size: large;\"><strong>et territorialiser le d\u00e9veloppement durable \u00a0\u00a0<\/strong><\/span><\/p>\n<p>&nbsp;<\/p>\n<p style=\"text-align: center;\"><img loading=\"lazy\" class=\"aligncenter  wp-image-2314\" title=\"La luz (2)\" src=\"https:\/\/apreis.eu\/essas\/wp-content\/uploads\/2012\/02\/La-luz-2.jpg\" alt=\"\" width=\"512\" height=\"384\" srcset=\"https:\/\/apreis.eu\/essas\/essfr\/wp-content\/uploads\/2012\/02\/La-luz-2.jpg 640w, https:\/\/apreis.eu\/essas\/essfr\/wp-content\/uploads\/2012\/02\/La-luz-2-300x225.jpg 300w\" sizes=\"(max-width: 512px) 100vw, 512px\" \/><\/p>\n<p style=\"text-align: center;\">\u00a0\u00a0<\/p>\n<ol>\n<li>D\u00e9finir les crit\u00e8res techniques et pratiques des innovations durables de l\u2019Economie Solidaire.<\/li>\n<li>Explorer , comparer, inventorier sur le terrain les activit\u00e9s innovantes durables de l\u2019\u00e9conomie solidaire.<\/li>\n<li>Mod\u00e9liser qualitativement les activit\u00e9s durables de l\u2019\u00e9conomie solidaire.<\/li>\n<li>Mettre en place\u00a0\u00a0un portail interactif\u00a0(Web 3.0) permettant\u00a0le partage direct\u00a0des\u00a0exp\u00e9riences, des pratiques et \u00a0des\u00a0projets des acteurs de l&rsquo;\u00e9conomie solidaire.<\/li>\n<li>Cartographier puis diffuser et faire conna\u00eetre les acteurs, les initiatives et les activit\u00e9s innovantes de l\u2019Economie Solidaire en Am\u00e9rique du Sud.<\/li>\n<li>Mettre en r\u00e9seau les acteurs innovants de l\u2019Economie Solidaire de l\u2019Am\u00e9rique du Sud et les producteurs institutionnels et non institutionnels de connaissances afin de leur permettre de partager leurs informations, renforcer la connaissance et la recherche sur l\u2019\u00e9conomie solidaire, am\u00e9liorer les pratiques, \u00e9tudier les modes de transposabilit\u00e9 culturelles et m\u00e9thodologiques, aider \u00e0 la d\u00e9cision des acteurs publics et permettre l\u2019essaimage. \u00a0<\/li>\n<li>D\u00e9velopper les liens permettant les partages d\u2019informations et de connaissances entre acteurs, praticiens et chercheurs \u00a0de l&rsquo;\u00e9conomie solidaire notamment d\u2019Europe, d\u2019Afrique et d\u2019Am\u00e9rique du Sud.<\/li>\n<li>Promouvoir les acteurs et les activit\u00e9s de l\u2019\u00e9conomie solidaire qui r\u00e9pondent aux crit\u00e8res de durabilit\u00e9 et\u00a0favoriser\u00a0l\u2019adoption des principes de la durabilit\u00e9\u00a0dans l\u2019\u00e9conomie solidaire\u00a0<\/li>\n<li>Encourager\u00a0les articulations et\u00a0les coop\u00e9rations qui permettraient de d\u00e9velopper l &lsquo;\u00e9conomie solidaire et sa durabilit\u00e9.<\/li>\n<li>Rendre visibles les d\u00e9marches vers la durabilit\u00e9 mises en \u0153uvre par les entrepreneurs de l\u2019\u00e9conomie solidaire et promouvoir les initiatives prometteuses.<\/li>\n<li>Soutenir\u00a0les micro projets de d\u00e9veloppement durable de l\u2019\u00e9conomie solidaire\u00a0 associant \u00a0la r\u00e9duction de l\u2019extr\u00eame pauvret\u00e9 et la protection environnementale.<\/li>\n<li>Faire du r\u00e9seau ESSAS\u00a0 son propre ma\u00eetre d\u2019ouvrage pour permettre \u00e0 cette cartographie d\u2019\u00eatre continu\u00e9e et \u00e9largie par les acteurs eux-m\u00eames de l\u2019\u00e9conomie solidaire \u00e0 l\u2019\u00e9chelle intercontinentale en commen\u00e7ant par l\u2019Europe.\u00a0<\/li>\n<\/ol>\n","protected":false},"excerpt":{"rendered":"<p>TACHES \u00a0 Mettre en lumi\u00e8re le r\u00f4le des acteurs innovants de l&rsquo;\u00e9conomie solidaire \u00a0 et territorialiser le d\u00e9veloppement durable \u00a0\u00a0 &nbsp; \u00a0\u00a0 D\u00e9finir les crit\u00e8res techniques et pratiques des innovations durables de l\u2019Economie Solidaire. Explorer , comparer, inventorier sur le [&hellip;]<\/p>\n","protected":false},"author":50,"featured_media":0,"parent":0,"menu_order":0,"comment_status":"open","ping_status":"open","template":"tpl_full_page.php","meta":[],"_links":{"self":[{"href":"https:\/\/apreis.eu\/essas\/essfr\/wp-json\/wp\/v2\/pages\/90"}],"collection":[{"href":"https:\/\/apreis.eu\/essas\/essfr\/wp-json\/wp\/v2\/pages"}],"about":[{"href":"https:\/\/apreis.eu\/essas\/essfr\/wp-json\/wp\/v2\/types\/page"}],"author":[{"embeddable":true,"href":"https:\/\/apreis.eu\/essas\/essfr\/wp-json\/wp\/v2\/users\/50"}],"replies":[{"embeddable":true,"href":"https:\/\/apreis.eu\/essas\/essfr\/wp-json\/wp\/v2\/comments?post=90"}],"version-history":[{"count":0,"href":"https:\/\/apreis.eu\/essas\/essfr\/wp-json\/wp\/v2\/pages\/90\/revisions"}],"wp:attachment":[{"href":"https:\/\/apreis.eu\/essas\/essfr\/wp-json\/wp\/v2\/media?parent=90"}],"curies":[{"name":"wp","href":"https:\/\/api.w.org\/{rel}","templated":true}]}}